{"id":150,"date":"2024-09-05T10:24:45","date_gmt":"2024-09-05T10:24:45","guid":{"rendered":"https:\/\/psona.io\/?page_id=150"},"modified":"2026-01-22T21:18:24","modified_gmt":"2026-01-22T21:18:24","slug":"politique-de-confidentialite","status":"publish","type":"page","link":"https:\/\/psona.io\/hu\/politique-de-confidentialite\/","title":{"rendered":"Adatv\u00e9delmi szab\u00e1lyzat"},"content":{"rendered":"<p>[et_pb_section fb_built=&#8221;1&#8243; custom_padding_last_edited=&#8221;on|tablet&#8221; admin_label=&#8221;Header&#8221; _builder_version=&#8221;4.27.0&#8243; custom_margin=&#8221;0px||0px||true|false&#8221; custom_padding=&#8221;0px||0px||true|false&#8221; custom_padding_tablet=&#8221;||||true|false&#8221; custom_padding_phone=&#8221;||||true|false&#8221; locked=&#8221;off&#8221; global_colors_info=&#8221;{}&#8221;][et_pb_row use_custom_gutter=&#8221;on&#8221; gutter_width=&#8221;1&#8243; custom_padding_last_edited=&#8221;on|phone&#8221; _builder_version=&#8221;4.27.0&#8243; background_color=&#8221;#034833&#8243; background_size=&#8221;initial&#8221; background_position=&#8221;top_left&#8221; background_repeat=&#8221;repeat&#8221; width=&#8221;95%&#8221; custom_margin=&#8221;||||true|false&#8221; custom_padding=&#8221;150px||150px||true|true&#8221; custom_padding_tablet=&#8221;80px||80px||true|false&#8221; custom_padding_phone=&#8221;60px||60px||true|false&#8221; border_radii=&#8221;on|50px|50px|50px|50px&#8221; global_colors_info=&#8221;{}&#8221;][et_pb_column type=&#8221;4_4&#8243; _builder_version=&#8221;4.27.0&#8243; custom_padding=&#8221;|||&#8221; global_colors_info=&#8221;{}&#8221; custom_padding__hover=&#8221;|||&#8221; custom_css_main_element_last_edited=&#8221;on|phone&#8221;][et_pb_text module_class=&#8221;title-header&#8221; _builder_version=&#8221;4.27.0&#8243; background_size=&#8221;initial&#8221; background_position=&#8221;top_left&#8221; background_repeat=&#8221;repeat&#8221; width=&#8221;72%&#8221; width_tablet=&#8221;70%&#8221; width_phone=&#8221;68.5%&#8221; width_last_edited=&#8221;on|tablet&#8221; module_alignment=&#8221;center&#8221; custom_margin=&#8221;0px||0px||false|false&#8221; custom_margin_tablet=&#8221;0px||0px||false|false&#8221; custom_margin_phone=&#8221;0px||0px||false|false&#8221; custom_margin_last_edited=&#8221;on|tablet&#8221; custom_padding=&#8221;0px||0px||true|false&#8221; header_font_size_tablet=&#8221;50px&#8221; header_font_size_phone=&#8221;40px&#8221; global_colors_info=&#8221;{}&#8221;]<\/p>\n<h1>Adatv\u00e9delmi szab\u00e1lyzat<\/h1>\n<p><!-- \/divi:paragraph --><\/p>\n<p>[\/et_pb_text][\/et_pb_column][\/et_pb_row][\/et_pb_section][et_pb_section fb_built=&#8221;1&#8243; _builder_version=&#8221;4.27.0&#8243; _module_preset=&#8221;default&#8221; global_colors_info=&#8221;{}&#8221;][et_pb_row _builder_version=&#8221;4.27.0&#8243; _module_preset=&#8221;default&#8221; global_colors_info=&#8221;{}&#8221;][et_pb_column type=&#8221;4_4&#8243; _builder_version=&#8221;4.27.0&#8243; _module_preset=&#8221;default&#8221; global_colors_info=&#8221;{}&#8221;][et_pb_text _builder_version=&#8221;4.27.4&#8243; _module_preset=&#8221;default&#8221; header_2_text_align=&#8221;center&#8221; global_colors_info=&#8221;{}&#8221;]<\/p>\n<h2>Preambulum<\/h2>\n<p>Entry into force: January 22th, 2026<\/p>\n<p><strong>CLICKBUSTER KFT.<\/strong><br \/><strong>63-66 Hatton Garden<\/strong><br \/><strong>London EC1N 8LE<\/strong><br \/><strong>C\u00e9gsz\u00e1m 13014667<\/strong><br \/><strong>H\u00c9A-sz\u00e1m GB 363 9346 71<\/strong><\/p>\n<p>A weboldalhoz \u00e9s annak funkci\u00f3ihoz val\u00f3 hozz\u00e1f\u00e9r\u00e9s a felhaszn\u00e1l\u00f3k szem\u00e9lyes adatainak gy\u0171jt\u00e9s\u00e9t \u00e9s feldolgoz\u00e1s\u00e1t ig\u00e9nyli. Ez\u00e9rt sz\u00fcks\u00e9g volt egy szem\u00e9lyes adatv\u00e9delmi politika l\u00e9trehoz\u00e1s\u00e1ra, hogy megfeleljen a szem\u00e9lyes adatok feldolgoz\u00e1s\u00e1ra vonatkoz\u00f3 aj\u00e1nl\u00e1soknak, ahogyan azt a t\u00f6rv\u00e9ny \u00e9s az alkalmazand\u00f3 rendeletek meghat\u00e1rozz\u00e1k.<\/p>\n<p>A honlap adatv\u00e9delmi politik\u00e1ja az Adatv\u00e9delmi Bizotts\u00e1g (DPC) aj\u00e1nl\u00e1sainak megfelel\u0151en k\u00e9sz\u00fclt. C\u00e9lja, hogy t\u00e1j\u00e9koztassa az oldal felhaszn\u00e1l\u00f3it szem\u00e9lyes adataik feldolgoz\u00e1s\u00e1nak m\u00f3dj\u00e1r\u00f3l, valamint a felhaszn\u00e1l\u00f3k szem\u00e9lyes adatainak tiszteletben tart\u00e1sa \u00e9rdek\u00e9ben tett k\u00f6telezetts\u00e9gv\u00e1llal\u00e1sokr\u00f3l \u00e9s int\u00e9zked\u00e9sekr\u0151l.<\/p>\n<p>Az al\u00e1bbi rendelkez\u00e9seknek megfelel\u0151en k\u00e9sz\u00fclt:<\/p>\n<ul>\n<li>A 2018-as adatv\u00e9delmi t\u00f6rv\u00e9ny;<\/li>\n<li>A szem\u00e9lyes adatokr\u00f3l sz\u00f3l\u00f3 2018. \u00e9vi eur\u00f3pai rendelet;<\/li>\n<li>Az eur\u00f3pai adatv\u00e9delmi rendelet \u00e1t\u00fcltet\u00e9s\u00e9r\u0151l sz\u00f3l\u00f3 2018. \u00e9vi t\u00f6rv\u00e9ny.<\/li>\n<\/ul>\n<p>A weboldalon jelenleg k\u00f6zz\u00e9tett v\u00e1ltozat a jelen szab\u00e1lyzat aktu\u00e1lis v\u00e1ltozata. Az elad\u00f3 fenntartja a jogot, hogy b\u00e1rmikor m\u00f3dos\u00edtsa azt, hogy megfeleljen a hat\u00e1lyos jogi k\u00f6telezetts\u00e9geknek. Az adatv\u00e9delmi szab\u00e1lyzat b\u00e1rmilyen v\u00e1ltoz\u00e1s\u00e1r\u00f3l t\u00e1j\u00e9koztatjuk a felhaszn\u00e1l\u00f3kat, hogy az \u00faj szab\u00e1lyzathoz val\u00f3 hozz\u00e1j\u00e1rul\u00e1sukat megszerezz\u00fck.<\/p>\n<p>En naviguant sur notre site, l&#8217;utilisateur reconna\u00eet avoir lu, compris et accept\u00e9 cette politique de protection des donn\u00e9es. Toute question relative \u00e0 cette politique peut \u00eatre envoy\u00e9e \u00e0 l&#8217;adresse suivante : contact@psona.io.<\/p>\n<p>[\/et_pb_text][et_pb_text _builder_version=&#8221;4.27.0&#8243; _module_preset=&#8221;default&#8221; header_2_text_align=&#8221;center&#8221; global_colors_info=&#8221;{}&#8221;]<\/p>\n<h2>1. CIKK - FOGALOMMEGHAT\u00c1ROZ\u00c1SOK<\/h2>\n<p><strong>1.1 A szem\u00e9lyes adatok v\u00e9delm\u00e9re vonatkoz\u00f3 technikai felt\u00e9telek<\/strong><\/p>\n<p>A honlapunkon az al\u00e1bbi kifejez\u00e9sek az RGPD-ben (4. cikk) meghat\u00e1rozott jelent\u00e9ssel b\u00edrnak:<\/p>\n<ul>\n<li>\n<p><strong>Hozz\u00e1j\u00e1rul\u00e1s<\/strong> Hozz\u00e1j\u00e1rul\u00e1s: az \u00e9rintett hozz\u00e1j\u00e1rul\u00e1sa: az \u00e9rintett k\u00edv\u00e1ns\u00e1g\u00e1nak b\u00e1rmely szabadon, konkr\u00e9tan, t\u00e1j\u00e9koztat\u00e1son alapul\u00f3 \u00e9s egy\u00e9rtelm\u0171 kinyilv\u00e1n\u00edt\u00e1sa, amellyel az \u00e9rintett nyilatkozat vagy egy\u00e9rtelm\u0171 pozit\u00edv aktus \u00fatj\u00e1n jelzi, hogy hozz\u00e1j\u00e1rul a r\u00e1 vonatkoz\u00f3 szem\u00e9lyes adatok \"kezel\u00e9s\u00e9hez\";<\/p>\n<\/li>\n<li>\n<p><strong>Adatkezel\u0151<\/strong> az a term\u00e9szetes vagy jogi szem\u00e9ly, hat\u00f3s\u00e1g, \u00fcgyn\u00f6ks\u00e9g vagy b\u00e1rmely m\u00e1s szerv, amely egyed\u00fcl vagy m\u00e1sokkal egy\u00fctt meghat\u00e1rozza az adatkezel\u00e9s c\u00e9ljait \u00e9s eszk\u00f6zeit; amennyiben az adatkezel\u00e9s c\u00e9ljait \u00e9s eszk\u00f6zeit az uni\u00f3s jog vagy valamely tag\u00e1llam joga hat\u00e1rozza meg, az adatkezel\u0151t ki lehet jel\u00f6lni, vagy az uni\u00f3s jog vagy valamely tag\u00e1llam joga meghat\u00e1rozhatja az ilyen kijel\u00f6l\u00e9s konkr\u00e9t krit\u00e9riumait\";<\/p>\n<\/li>\n<li>\n<p><strong>Alv\u00e1llalkoz\u00f3<\/strong> az a term\u00e9szetes vagy jogi szem\u00e9ly, hat\u00f3s\u00e1g, \u00fcgyn\u00f6ks\u00e9g vagy b\u00e1rmely m\u00e1s szerv, amely az adatkezel\u0151 nev\u00e9ben szem\u00e9lyes adatokat kezel\";<\/p>\n<\/li>\n<li>\n<p><strong>Kezel\u00e9s<\/strong> A szem\u00e9lyes adatokon vagy szem\u00e9lyes adatk\u00e9szleteken automatiz\u00e1lt vagy nem automatiz\u00e1lt m\u00f3don v\u00e9gzett b\u00e1rmely m\u0171velet vagy m\u0171veletek \u00f6sszess\u00e9ge, mint p\u00e9ld\u00e1ul gy\u0171jt\u00e9s, r\u00f6gz\u00edt\u00e9s, rendszerez\u00e9s, tagol\u00e1s, struktur\u00e1l\u00e1s, t\u00e1rol\u00e1s, \u00e1talak\u00edt\u00e1s vagy megv\u00e1ltoztat\u00e1s, lek\u00e9rdez\u00e9s, betekint\u00e9s, felhaszn\u00e1l\u00e1s, k\u00f6zl\u00e9s tov\u00e1bb\u00edt\u00e1s, terjeszt\u00e9s vagy egy\u00e9b m\u00f3don t\u00f6rt\u00e9n\u0151 hozz\u00e1f\u00e9rhet\u0151v\u00e9 t\u00e9tel \u00fatj\u00e1n, \u00f6sszehangol\u00e1s vagy \u00f6sszekapcsol\u00e1s, korl\u00e1toz\u00e1s, t\u00f6rl\u00e9s vagy megsemmis\u00edt\u00e9s\";<\/p>\n<\/li>\n<li>\n<p><strong>Szem\u00e9lyes adatok megs\u00e9rt\u00e9se<\/strong> a biztons\u00e1g megs\u00e9rt\u00e9se, amely a tov\u00e1bb\u00edtott, t\u00e1rolt vagy m\u00e1s m\u00f3don feldolgozott szem\u00e9lyes adatok v\u00e9letlen vagy jogellenes megsemmis\u00edt\u00e9s\u00e9t, elveszt\u00e9s\u00e9t, megv\u00e1ltoztat\u00e1s\u00e1t, jogosulatlan k\u00f6zl\u00e9s\u00e9t vagy az azokhoz val\u00f3 jogosulatlan hozz\u00e1f\u00e9r\u00e9st eredm\u00e9nyezi\".<\/p>\n<\/li>\n<\/ul>\n<p><strong>1.2 Egy\u00e9b itt haszn\u00e1lt kifejez\u00e9sek<\/strong><\/p>\n<ul>\n<li>\n<p><strong>\u00dcgyf\u00e9l<\/strong> Fogyaszt\u00f3: a fogyaszt\u00f3v\u00e9delmi jogokr\u00f3l sz\u00f3l\u00f3 t\u00f6rv\u00e9ny 2022. \u00e9vi bevezet\u0151 cikk\u00e9ben meghat\u00e1rozottak szerint olyan szem\u00e9ly, aki teljes eg\u00e9sz\u00e9ben vagy t\u00falnyom\u00f3r\u00e9szt kereskedelmi, \u00fczleti, k\u00e9zm\u0171ves vagy szakmai tev\u00e9kenys\u00e9g\u00e9n k\u00edv\u00fcl es\u0151 c\u00e9lb\u00f3l j\u00e1r el;<\/p>\n<\/li>\n<li>\n<p><strong>Honlap<\/strong> az oldalra utal <a rel=\"noopener\" target=\"_new\" href=\"https:\/\/psona.io\/hu\/\">https:\/\/psona.io<\/a> az elad\u00f3 \u00e1ltal \u00fczemeltetett \u00e9s a felhaszn\u00e1l\u00f3 rendelkez\u00e9s\u00e9re bocs\u00e1tott ;<\/p>\n<\/li>\n<li>\n<p><strong>Felhaszn\u00e1l\u00f3<\/strong> az oldalunkat haszn\u00e1l\u00f3 \u00e9s annak tartalm\u00e1hoz hozz\u00e1f\u00e9r\u0151 b\u00e1rmely szem\u00e9ly.<\/p>\n<\/li>\n<\/ul>\n<p>[\/et_pb_text][et_pb_text _builder_version=&#8221;4.27.0&#8243; _module_preset=&#8221;default&#8221; header_2_text_align=&#8221;center&#8221; global_colors_info=&#8221;{}&#8221;]<\/p>\n<h2>2. CIKK - Szem\u00e9lyes adatok<\/h2>\n<p>Szem\u00e9lyes adatnak min\u0151s\u00fcl minden olyan inform\u00e1ci\u00f3, amely k\u00f6zvetlen\u00fcl vagy k\u00f6zvetve azonos\u00edtani k\u00e9pes egy term\u00e9szetes szem\u00e9lyt (vezet\u00e9kn\u00e9v, keresztn\u00e9v, e-mail c\u00edm, telefonsz\u00e1m, postai c\u00edm stb.).<\/p>\n<p>Az RGPD a szem\u00e9lyes adatokat a k\u00f6vetkez\u0151k\u00e9ppen hat\u00e1rozza meg: \"azonos\u00edtott vagy azonos\u00edthat\u00f3 term\u00e9szetes szem\u00e9lyre (a tov\u00e1bbiakban: \u00e9rintett) vonatkoz\u00f3 b\u00e1rmely inform\u00e1ci\u00f3; azonos\u00edthat\u00f3 term\u00e9szetes szem\u00e9ly az, aki k\u00f6zvetlen\u00fcl vagy k\u00f6zvetve azonos\u00edthat\u00f3, k\u00fcl\u00f6n\u00f6sen valamely azonos\u00edt\u00f3, p\u00e9ld\u00e1ul n\u00e9v, azonos\u00edt\u00f3 sz\u00e1m, helymeghat\u00e1roz\u00f3 adat, online azonos\u00edt\u00f3, vagy a fizikai, fiziol\u00f3giai, genetikai, ment\u00e1lis, gazdas\u00e1gi, kultur\u00e1lis vagy szoci\u00e1lis identit\u00e1s\u00e1ra jellemz\u0151 egy vagy t\u00f6bb t\u00e9nyez\u0151 alapj\u00e1n\".<\/p>\n<p>[\/et_pb_text][et_pb_text _builder_version=&#8221;4.27.0&#8243; _module_preset=&#8221;default&#8221; header_2_text_align=&#8221;center&#8221; global_colors_info=&#8221;{}&#8221;]<\/p>\n<h2>CIKK - Kiskor\u00faakra vonatkoz\u00f3 adatok<\/h2>\n<p>A 2016\/679 eur\u00f3pai rendelet 8. cikk\u00e9nek \u00e9s az adatv\u00e9delmi t\u00f6rv\u00e9ny rendelkez\u00e9seinek megfelel\u0151en csak a 15. \u00e9let\u00e9v\u00fcket bet\u00f6lt\u00f6tt kiskor\u00faak j\u00e1rulhatnak hozz\u00e1 szem\u00e9lyes adataik kezel\u00e9s\u00e9hez.<\/p>\n<p>A tizen\u00f6t (15) \u00e9v alatti felhaszn\u00e1l\u00f3kat felk\u00e9rj\u00fck, hogy a szem\u00e9lyes adataik gy\u0171jt\u00e9s\u00e9hez \u00e9s az oldal szolg\u00e1ltat\u00e1sainak haszn\u00e1lat\u00e1hoz a t\u00f6rv\u00e9nyes k\u00e9pvisel\u0151j\u00fck - az Elad\u00f3 \u00e1ltal el\u0151\u00edrt - beleegyez\u00e9s\u00e9t k\u00e9rj\u00e9k.<\/p>\n<p>Az Elad\u00f3 nem vonhat\u00f3 felel\u0151ss\u00e9gre abban az esetben, ha a felhaszn\u00e1l\u00f3 tizen\u00f6t (15) \u00e9v alatti kiskor\u00faakra vonatkoz\u00f3 szem\u00e9lyes adatokat ad meg.<\/p>\n<p>[\/et_pb_text][et_pb_text _builder_version=&#8221;4.27.0&#8243; _module_preset=&#8221;default&#8221; header_2_text_align=&#8221;center&#8221; global_colors_info=&#8221;{}&#8221;]<\/p>\n<h2>4. CIKK - Szem\u00e9lyes adatok gy\u0171jt\u00e9se<\/h2>\n<p>Begy\u0171jtj\u00fck az \u00d6n hozz\u00e1j\u00e1rul\u00e1s\u00e1t.<\/p>\n<p>Az oldal b\u00f6ng\u00e9sz\u00e9se sor\u00e1n a felhaszn\u00e1l\u00f3nak t\u00f6bb alkalommal meg kell adnia n\u00e9h\u00e1ny szem\u00e9lyes adat\u00e1t (az 5. cikkben megjel\u00f6lt c\u00e9lokra). Az adatai megad\u00e1s\u00e1val a felhaszn\u00e1l\u00f3 teh\u00e1t hozz\u00e1j\u00e1rul az Elad\u00f3 \u00e1ltal megadott szem\u00e9lyes adatok gy\u0171jt\u00e9s\u00e9hez \u00e9s feldolgoz\u00e1s\u00e1hoz, kiz\u00e1r\u00f3lag a szab\u00e1lyzat 5. cikk\u00e9ben r\u00e9szletezett c\u00e9lokra. Ez a hozz\u00e1j\u00e1rul\u00e1s m\u00e1s jogalapokkal egy\u00fctt k\u00e9pezi az \u00f6sszegy\u0171jt\u00f6tt adatok feldolgoz\u00e1s\u00e1nak jogalapj\u00e1t.<\/p>\n<p>Az Elad\u00f3 olyan adatokat gy\u0171jt \u00e9s dolgoz fel, amelyek szigor\u00faan sz\u00fcks\u00e9gesek a feldolgoz\u00e1s c\u00e9ljaihoz. Felhaszn\u00e1l\u00f3inkkal szemben v\u00e1llaljuk, hogy az al\u00e1bbiakban eml\u00edtett c\u00e9lokon k\u00edv\u00fcl m\u00e1s c\u00e9lokra nem kezel\u00fcnk adatokat. Ha \u00faj szolg\u00e1ltat\u00e1st k\u00edn\u00e1ln\u00e1nk az oldalon, vagy b\u00e1rmilyen m\u00e1s, adatgy\u0171jt\u00e9st \u00e9s -feldolgoz\u00e1st ig\u00e9nyl\u0151 funkci\u00f3t, v\u00e1llaljuk, hogy a sz\u00f3ban forg\u00f3 \u00faj szolg\u00e1ltat\u00e1s felaj\u00e1nl\u00e1sa el\u0151tt ism\u00e9t beszerzi a felhaszn\u00e1l\u00f3k hozz\u00e1j\u00e1rul\u00e1s\u00e1t.<\/p>\n<p>Amikor a weboldal szem\u00e9lyes adatokat dolgoz fel, az Elad\u00f3 minden \u00e9sszer\u0171 l\u00e9p\u00e9st megtesz annak \u00e9rdek\u00e9ben, hogy a szem\u00e9lyes adatok pontosak \u00e9s relev\u00e1nsak legyenek a feldolgoz\u00e1s c\u00e9ljai szempontj\u00e1b\u00f3l.<\/p>\n<p>[\/et_pb_text][et_pb_text _builder_version=&#8221;4.27.0&#8243; _module_preset=&#8221;default&#8221; header_2_text_align=&#8221;center&#8221; global_colors_info=&#8221;{}&#8221;]<\/p>\n<h2>5. CIKK - Az elj\u00e1r\u00e1s c\u00e9lja<\/h2>\n<p>A felhaszn\u00e1l\u00f3i adatokat kiz\u00e1r\u00f3lag a k\u00f6vetkez\u0151 c\u00e9lokb\u00f3l gy\u0171jtj\u00fck:<\/p>\n<p><strong>5.1 Fi\u00f3k l\u00e9trehoz\u00e1sa (nem k\u00f6telez\u0151)<\/strong><\/p>\n<p>Az \u00fcgyfelek fi\u00f3kot hozhatnak l\u00e9tre az oldalon. Ehhez a k\u00f6vetkez\u0151 adatokat kell megadniuk: vezet\u00e9kn\u00e9v, keresztn\u00e9v, e-mail c\u00edm.<br \/>Az \u00fcgyf\u00e9ladatokat a k\u00f6vetkez\u0151 c\u00e9lokra haszn\u00e1ljuk fel:<\/p>\n<p>- Er\u0151s\u00edtse meg a fi\u00f3kjuk l\u00e9trehoz\u00e1s\u00e1t;<br \/>- Hozzon l\u00e9tre \u00fcgyf\u00e9lfi\u00f3kot;<br \/>- Kommunik\u00e1ci\u00f3 az \u00fcgyfelekkel;<br \/>- \u00c9rt\u00e9kes\u00edt\u00e9s ut\u00e1ni t\u00e1mogat\u00e1s.<\/p>\n<p>A jogalap a szerz\u0151d\u00e9s teljes\u00edt\u00e9se a megrendel\u00e9s lead\u00e1sa miatt, a megrendel\u0151vel, aki elfogadja ezeket a rendelkez\u00e9seket.<\/p>\n<p><strong>5.2 Megrendel\u00e9s lead\u00e1sa<\/strong><\/p>\n<p>A weboldalon t\u00f6rt\u00e9n\u0151 megrendel\u00e9shez az \u00fcgyfeleknek a k\u00f6vetkez\u0151 adatokat kell megadniuk: vezet\u00e9kn\u00e9v, keresztn\u00e9v, e-mail c\u00edm \u00e9s sz\u00e1ml\u00e1z\u00e1si c\u00edm.<\/p>\n<p>A felhaszn\u00e1l\u00f3i \u00e9s kommunik\u00e1ci\u00f3s adatokat kiz\u00e1r\u00f3lag a k\u00f6vetkez\u0151 c\u00e9lokra haszn\u00e1ljuk fel:<\/p>\n<p>- Er\u0151s\u00edtse meg az \u00fcgyf\u00e9l megrendel\u00e9s\u00e9t;<br \/>- Vev\u0151i megrendel\u00e9sek feldolgoz\u00e1sa;<br \/>- A megrendel\u00e9sben szerepl\u0151 szolg\u00e1ltat\u00e1sok ny\u00fajt\u00e1sa;<br \/>- \u00c9rt\u00e9kes\u00edt\u00e9st k\u00f6vet\u0151 szolg\u00e1ltat\u00e1s ny\u00fajt\u00e1sa.<\/p>\n<p>A v\u00e1s\u00e1rl\u00f3k arr\u00f3l is t\u00e1j\u00e9koztatva vannak, hogy a megrendel\u00e9s lead\u00e1s\u00e1val tranzakci\u00f3s \u00fczeneteket kapnak az elad\u00f3t\u00f3l (sz\u00e1ml\u00e1k, jelsz\u00f3v\u00e1ltoztat\u00e1sok, szem\u00e9lyis\u00e9gtesztek eredm\u00e9nyei). Az elad\u00f3 \u00e1ltal k\u00fcld\u00f6tt e-mailekben erre a c\u00e9lra szolg\u00e1l\u00f3 funkci\u00f3k seg\u00edts\u00e9g\u00e9vel b\u00e1rmikor leiratkozhatnak.<\/p>\n<p>A jogalap a szerz\u0151d\u00e9s teljes\u00edt\u00e9se a megrendel\u00e9s lead\u00e1s\u00e1val, a megrendel\u0151 pedig a jelen rendelkez\u00e9sek elfogad\u00e1s\u00e1val.<\/p>\n<p><strong>5.3 A szolg\u00e1ltat\u00e1sok\u00e9rt val\u00f3 fizet\u00e9s<\/strong><\/p>\n<p>A weboldalon kereszt\u00fcl t\u00f6rt\u00e9n\u0151 megrendel\u00e9sek kifizet\u00e9se a STRIPE nev\u0171 fizet\u00e9si szolg\u00e1ltat\u00f3nkon kereszt\u00fcl t\u00f6rt\u00e9nik, amely az \u00fcgyf\u00e9l fizet\u00e9si adatai\u00e9rt felel\u0151s f\u00e9lk\u00e9nt j\u00e1r el. Az elad\u00f3 nem f\u00e9r hozz\u00e1 a v\u00e1s\u00e1rl\u00f3 fizet\u00e9si adataihoz.<\/p>\n<p><strong>5.4 El\u0151fizet\u00e9s<\/strong><\/p>\n<p>Az oldalon t\u00f6rt\u00e9n\u0151 megrendel\u00e9ssel a v\u00e1s\u00e1rl\u00f3 automatikusan az elad\u00f3 el\u0151fizet\u00e9s\u00e9t veszi ig\u00e9nybe (l\u00e1sd \u00c1SZF). Ha a v\u00e1s\u00e1rl\u00f3 24 \u00f3r\u00e1n bel\u00fcl nem mondja le az el\u0151fizet\u00e9st, az automatikusan meghosszabbodik egy h\u00f3napos id\u0151tartamra, amely hallgat\u00f3lagos meg\u00e1llapod\u00e1ssal meghosszabb\u00edthat\u00f3.<\/p>\n<p>Az el\u0151fizet\u00e9s megk\u00f6t\u00e9s\u00e9hez az \u00fcgyf\u00e9l \u00e1ltal a megrendel\u00e9s lead\u00e1sakor megadott adatokat haszn\u00e1lj\u00e1k fel, \u00e9s azokat a k\u00f6vetkez\u0151 c\u00e9lokra haszn\u00e1lj\u00e1k fel:<\/p>\n<p>- El\u0151fizet\u00e9si szolg\u00e1ltat\u00e1sok ny\u00fajt\u00e1sa ;<br \/>- El\u0151fizet\u00e9sek kezel\u00e9se (sz\u00e1ml\u00e1z\u00e1s, megsz\u00fcntet\u00e9s, meg\u00faj\u00edt\u00e1s) ;<br \/>- \u00c9rt\u00e9kes\u00edt\u00e9st k\u00f6vet\u0151 szolg\u00e1ltat\u00e1s ny\u00fajt\u00e1sa.<\/p>\n<p><strong>5.5 Kapcsolatfelv\u00e9teli \u0171rlap<\/strong><\/p>\n<p>A honlapon el\u00e9rhet\u0151 egy kapcsolatfelv\u00e9teli \u0171rlap. A megkeres\u00e9s megv\u00e1laszol\u00e1s\u00e1hoz a felhaszn\u00e1l\u00f3knak meg kell adniuk vezet\u00e9knev\u00fcket, keresztnev\u00fcket, e-mail c\u00edm\u00fcket \u00e9s telefonsz\u00e1mukat.<br \/>A felhaszn\u00e1l\u00f3i \u00e9s kommunik\u00e1ci\u00f3s adatokat kiz\u00e1r\u00f3lag a k\u00f6vetkez\u0151 c\u00e9lokra haszn\u00e1ljuk fel:<\/p>\n<p>- A felhaszn\u00e1l\u00f3 k\u00e9r\u00e9s\u00e9nek feldolgoz\u00e1sa ;<br \/>- Felhaszn\u00e1l\u00f3i k\u00e9r\u00e9sekre val\u00f3 reag\u00e1l\u00e1s.<\/p>\n<p>A jogalap a felhaszn\u00e1l\u00f3 hozz\u00e1j\u00e1rul\u00e1sa.<\/p>\n<p><strong>5.6 Elemz\u00e9s<\/strong><\/p>\n<p>Az oldal b\u00f6ng\u00e9sz\u00e9se sor\u00e1n a felhaszn\u00e1l\u00f3kt\u00f3l k\u00e9rhet\u0151, hogy adjanak meg szem\u00e9lyes kapcsolati adatokat (cookie-k, nyomk\u00f6vet\u0151k).<\/p>\n<p>A csatlakoz\u00e1si adatokat \u00e9s a b\u00f6ng\u00e9sz\u00e9si inform\u00e1ci\u00f3kat kiz\u00e1r\u00f3lag statisztikai tanulm\u00e1nyokhoz (a webhely forgalm\u00e1nak \u00e9s a felhaszn\u00e1l\u00f3i \u00e9lm\u00e9nynek az elemz\u00e9se) \u00e9s a s\u00fctikre vonatkoz\u00f3 szab\u00e1lyzatban eml\u00edtett egy\u00e9b c\u00e9lokra haszn\u00e1ljuk fel.<\/p>\n<p>A feldolgoz\u00e1s az elad\u00f3 jogos \u00e9rdekeinek \u00e9rv\u00e9nyes\u00edt\u00e9s\u00e9hez sz\u00fcks\u00e9ges, k\u00fcl\u00f6n\u00f6sen ahhoz, hogy a felhaszn\u00e1l\u00f3k sz\u00e1m\u00e1ra z\u00f6kken\u0151mentes \u00e9s jobb b\u00f6ng\u00e9sz\u00e9si \u00e9lm\u00e9nyt ny\u00fajtson.<\/p>\n<p>A csatlakoz\u00e1si adatokat a sz\u00e1m\u00edt\u00f3g\u00e9pes csal\u00e1sok megel\u0151z\u00e9s\u00e9re \u00e9s lek\u00fczd\u00e9s\u00e9re is haszn\u00e1lj\u00e1k.<\/p>\n<p>A jogalap egy jogi k\u00f6telezetts\u00e9g teljes\u00edt\u00e9se.<\/p>\n<p>[\/et_pb_text][et_pb_text _builder_version=&#8221;4.27.0&#8243; _module_preset=&#8221;default&#8221; header_2_text_align=&#8221;center&#8221; global_colors_info=&#8221;{}&#8221;]<\/p>\n<h2>6. CIKK - Adatmeg\u0151rz\u00e9si id\u0151szakok<\/h2>\n<p>Nem l\u00e9pj\u00fck t\u00fal a t\u00f6rv\u00e9nyes adatmeg\u0151rz\u00e9si id\u0151szakokat, \u00e9s a felhaszn\u00e1l\u00f3i adatokat csak addig \u0151rizz\u00fck meg, ameddig az adatgy\u0171jt\u00e9s c\u00e9ljainak feldolgoz\u00e1s\u00e1hoz sz\u00fcks\u00e9ges.<\/p>\n<p>A meg\u0151rz\u00e9si id\u0151szakok a k\u00f6vetkez\u0151k:<\/p>\n<p>- A nem \u00fcgyf\u00e9lnek min\u0151s\u00fcl\u0151 felhaszn\u00e1l\u00f3 szem\u00e9lyazonoss\u00e1g\u00e1ra vonatkoz\u00f3 adatok (vezet\u00e9kn\u00e9v, keresztn\u00e9v): ezeket a felhaszn\u00e1l\u00f3val val\u00f3 utols\u00f3 kapcsolatfelv\u00e9telt\u0151l sz\u00e1m\u00edtott h\u00e1rom (3) \u00e9v eltelt\u00e9vel t\u00f6r\u00f6lj\u00fck vagy anonimiz\u00e1ljuk, kiv\u00e9ve, ha a felhaszn\u00e1l\u00f3 kor\u00e1bban (az RGPD alkalmaz\u00e1s\u00e1ban) olyan jog\u00e1val \u00e9lt, amely adatainak t\u00f6rl\u00e9s\u00e9t eredm\u00e9nyezi;<\/p>\n<p>- A nem \u00fcgyf\u00e9lnek min\u0151s\u00fcl\u0151 felhaszn\u00e1l\u00f3 kommunik\u00e1ci\u00f3s adatai (e-mail, telefonsz\u00e1m, postac\u00edm): ezeket a felhaszn\u00e1l\u00f3val val\u00f3 utols\u00f3 kapcsolatfelv\u00e9telt\u0151l sz\u00e1m\u00edtott h\u00e1rom (3) \u00e9v eltelt\u00e9vel t\u00f6r\u00f6lj\u00fck vagy anonimiz\u00e1ljuk, kiv\u00e9ve, ha a felhaszn\u00e1l\u00f3 kor\u00e1bban (az RGPD alkalmaz\u00e1s\u00e1ban) \u00e9lt olyan jog\u00e1val, amely adatainak t\u00f6rl\u00e9s\u00e9hez vezetett;<\/p>\n<p>- A megrendel\u00e9st lead\u00f3 \u00fcgyfelekre vonatkoz\u00f3 adatok: ezeket az adatokat az \u00fcgyf\u00e9llel fenn\u00e1ll\u00f3 kereskedelmi kapcsolat megsz\u0171n\u00e9s\u00e9t k\u00f6vet\u0151 \u00f6t (5) \u00e9v eltelt\u00e9vel t\u00f6r\u00f6lj\u00fck, kiv\u00e9ve, ha az \u00fcgyf\u00e9l kor\u00e1bban \u00e9lt olyan jog\u00e1val (az RGPD alkalmaz\u00e1s\u00e1ban), amely az adatok t\u00f6rl\u00e9s\u00e9hez vezetett;<\/p>\n<p>- Kapcsolati adatok: a s\u00fctikre vonatkoz\u00f3 politik\u00e1val \u00f6sszhangban ezeket legfeljebb 13 h\u00f3napig t\u00e1roljuk (hacsak a 13. cikk m\u00e1sk\u00e9nt nem rendelkezik).<\/p>\n<p>Adatfeldolgoz\u00e1si politik\u00e1nk kialak\u00edt\u00e1sa sor\u00e1n az Adatv\u00e9delmi Bizotts\u00e1g aj\u00e1nl\u00e1sainak megfelel\u0151en kialak\u00edtottuk az adatmeg\u0151rz\u00e9si id\u0151szakokra vonatkoz\u00f3 referenciar\u00e1csot.<\/p>\n<p>Ezen t\u00falmen\u0151en az Elad\u00f3 bizonyos szem\u00e9lyes adatokat jogi vagy szab\u00e1lyoz\u00e1si k\u00f6telezetts\u00e9geinek teljes\u00edt\u00e9se, a felhaszn\u00e1l\u00f3k jogainak gyakorl\u00e1sa vagy statisztikai c\u00e9lokra t\u00f6rt\u00e9n\u0151 felhaszn\u00e1l\u00e1sa \u00e9rdek\u00e9ben is meg\u0151rizhet. A meg\u0151rz\u00e9si id\u0151szak v\u00e9g\u00e9n a szem\u00e9lyes adatok t\u00f6rl\u00e9sre vagy anonimiz\u00e1l\u00e1sra ker\u00fclnek.<\/p>\n<p>[\/et_pb_text][et_pb_text _builder_version=&#8221;4.27.4&#8243; _module_preset=&#8221;default&#8221; header_2_text_align=&#8221;center&#8221; hover_enabled=&#8221;0&#8243; global_colors_info=&#8221;{}&#8221; sticky_enabled=&#8221;0&#8243;]<\/p>\n<h2>7. CIKK - Az adatokhoz val\u00f3 hozz\u00e1f\u00e9r\u00e9s<\/h2>\n<p>A Honlapon kereszt\u00fcl gy\u0171jt\u00f6tt adatokat kiz\u00e1r\u00f3lag a k\u00f6vetkez\u0151 c\u00edmzetteknek sz\u00e1njuk.<\/p>\n<p><strong>7.1 Helysz\u00edni t\u00e1rhely<\/strong><\/p>\n<p><span>Ce site est h\u00e9berg\u00e9 par la soci\u00e9t\u00e9 Kinsta Inc., dont le si\u00e8ge social est situ\u00e9\u00a0<\/span><b>8605 Santa Monica Blvd #92581 West Hollywood, CA 90069 &#8211; \u00c9tats-Unis<\/b><span>.<\/span><\/p>\n<p>A t\u00e1rhelyszolg\u00e1ltat\u00f3 a saj\u00e1t hat\u00e1sk\u00f6r\u00e9n bel\u00fcl hozz\u00e1f\u00e9r az adatokhoz, a Webhely \u00fczemeltet\u00e9se c\u00e9lj\u00e1b\u00f3l. Korl\u00e1tozott hozz\u00e1f\u00e9r\u00e9ssel rendelkezik a felhaszn\u00e1l\u00f3i adatokhoz e szolg\u00e1ltat\u00e1sok ny\u00fajt\u00e1sa c\u00e9lj\u00e1b\u00f3l, \u00e9s szerz\u0151d\u00e9ses k\u00f6telezetts\u00e9ge, hogy azokat a szem\u00e9lyes adatok v\u00e9delm\u00e9re vonatkoz\u00f3 hat\u00e1lyos rendelkez\u00e9sekkel \u00f6sszhangban haszn\u00e1lja fel.<\/p>\n<p>Pour plus d\u2019informations, consultez la politique de Kinsta.<\/p>\n<p><strong>7.2 Harmadik f\u00e9l szolg\u00e1ltat\u00f3k<\/strong><\/p>\n<p>A Webhely \u00e9s az Elad\u00f3 bizonyos funkci\u00f3k biztos\u00edt\u00e1sa \u00e9rdek\u00e9ben harmadik f\u00e9l szolg\u00e1ltat\u00e1saira t\u00e1maszkodik. Ezek a harmadik felek e szolg\u00e1ltat\u00e1sok ny\u00fajt\u00e1sa keret\u00e9ben korl\u00e1tozott hozz\u00e1f\u00e9r\u00e9ssel rendelkeznek a felhaszn\u00e1l\u00f3i adatokhoz, \u00e9s szerz\u0151d\u00e9ses k\u00f6telezetts\u00e9g\u00fck, hogy azokat a szem\u00e9lyes adatok v\u00e9delm\u00e9re vonatkoz\u00f3 hat\u00e1lyos rendelkez\u00e9seknek megfelel\u0151en haszn\u00e1lj\u00e1k fel.<\/p>\n<p>A Webhelyen leadott megrendel\u00e9sek kifizet\u00e9s\u00e9t a Stripe kezeli.<\/p>\n<p>A felhaszn\u00e1l\u00f3i statisztik\u00e1kat (cookie-kat) a felhaszn\u00e1l\u00f3i \u00e9lm\u00e9ny jav\u00edt\u00e1s\u00e1ra \u00e9s a Webhely funkci\u00f3inak optimaliz\u00e1l\u00e1s\u00e1ra haszn\u00e1ljuk. A felhaszn\u00e1l\u00f3k figyelm\u00e9be aj\u00e1nljuk az oldal s\u00fctikre vonatkoz\u00f3 szab\u00e1lyzat\u00e1t.<\/p>\n<p><strong>7.3 Jogi k\u00f6telezetts\u00e9gek<\/strong><\/p>\n<p>Az adatokat a Forgalmaz\u00f3 harmadik feleknek \u00e9s illet\u00e9kes hat\u00f3s\u00e1goknak is tov\u00e1bb\u00edthatja jogi, igazs\u00e1g\u00fcgyi, ad\u00f3\u00fcgyi vagy szab\u00e1lyoz\u00e1si k\u00f6telezetts\u00e9geknek val\u00f3 megfelel\u00e9s \u00e9rdek\u00e9ben. Az Elad\u00f3 garant\u00e1lja a felhaszn\u00e1l\u00f3knak, hogy a felhaszn\u00e1l\u00f3 el\u0151zetes, \u00f6nk\u00e9ntes, t\u00e1j\u00e9kozott, kifejezett \u00e9s \u00edr\u00e1sbeli hozz\u00e1j\u00e1rul\u00e1sa n\u00e9lk\u00fcl nem ker\u00fcl sor szem\u00e9lyes adatok jogosulatlan harmadik f\u00e9l r\u00e9sz\u00e9re t\u00f6rt\u00e9n\u0151 tov\u00e1bb\u00edt\u00e1s\u00e1ra.<\/p>\n<p>Az Elad\u00f3nak tilos a felhaszn\u00e1l\u00f3ir\u00f3l gy\u0171jt\u00f6tt adatokat feldolgozni, t\u00e1rolni vagy tov\u00e1bb\u00edtani az Eur\u00f3pai Uni\u00f3n k\u00edv\u00fcli vagy az Eur\u00f3pai Bizotts\u00e1g \u00e1ltal \"alkalmatlannak\" min\u0151s\u00edtett orsz\u00e1gba an\u00e9lk\u00fcl, hogy err\u0151l el\u0151zetesen t\u00e1j\u00e9koztatn\u00e1 az adatok tulajdonos\u00e1t, \u00e9s nem szerezn\u00e9 meg a hozz\u00e1j\u00e1rul\u00e1s\u00e1t.<\/p>\n<p>[\/et_pb_text][et_pb_text _builder_version=&#8221;4.27.0&#8243; _module_preset=&#8221;default&#8221; header_2_text_align=&#8221;center&#8221; global_colors_info=&#8221;{}&#8221;]<\/p>\n<h2>8. CIKK - Adatv\u00e9delem<\/h2>\n<p>Az Elad\u00f3 minden hasznos \u00e9s sz\u00fcks\u00e9ges \u00f3vint\u00e9zked\u00e9st megtett, figyelembe v\u00e9ve a technika jelenlegi \u00e1ll\u00e1s\u00e1t, hogy az \u00d6n adatait biztons\u00e1gos k\u00f6rnyezetben v\u00e9dje, hogy elker\u00fclje a megsemmis\u00fcl\u00e9st, az elveszt\u00e9st, a m\u00f3dos\u00edt\u00e1st, a terjeszt\u00e9st vagy az illet\u00e9ktelen hozz\u00e1f\u00e9r\u00e9st. Minden igyekezet\u00fcnk ellen\u00e9re az interneten kereszt\u00fcl t\u00f6rt\u00e9n\u0151 tov\u00e1bb\u00edt\u00e1s \u00e9s az elektronikus t\u00e1rol\u00e1s egyetlen m\u00f3dszere sem teljesen biztons\u00e1gos. Ez\u00e9rt nem tudjuk garant\u00e1lni az abszol\u00fat biztons\u00e1got. Ha tudom\u00e1st szerz\u00fcnk a biztons\u00e1g megs\u00e9rt\u00e9s\u00e9r\u0151l, t\u00e1j\u00e9koztatjuk az \u00e9rintett felhaszn\u00e1l\u00f3kat, hogy azok megfelel\u0151 int\u00e9zked\u00e9seket tehessenek. Az incidensr\u0151l sz\u00f3l\u00f3 \u00e9rtes\u00edt\u00e9si elj\u00e1r\u00e1saink figyelembe veszik a nemzeti vagy eur\u00f3pai jogi k\u00f6telezetts\u00e9geinket.<\/p>\n<p>Abban az esetben, ha az \u00d6n adatainak s\u00e9rtetlens\u00e9ge \u00e9s bizalmas jellege s\u00e9r\u00fcl, az adatkezel\u0151 v\u00e1llalja, hogy betartja a 2018. \u00e9vi adatv\u00e9delmi t\u00f6rv\u00e9ny \u00e9s az eur\u00f3pai adatv\u00e9delmi rendelet (GDPR) szerint bevezetett elj\u00e1r\u00e1sokat.<\/p>\n<p>Az Elad\u00f3 nem adja tov\u00e1bb vagy szervezi ki a felhaszn\u00e1l\u00f3i adatokat.<\/p>\n<p>[\/et_pb_text][et_pb_text _builder_version=&#8221;4.27.4&#8243; _module_preset=&#8221;default&#8221; header_2_text_align=&#8221;center&#8221; global_colors_info=&#8221;{}&#8221;]<\/p>\n<h2>9. CIKK - Szem\u00e9lyis\u00e9gi jogok<\/h2>\n<p>A 2018. \u00e9vi adatv\u00e9delmi t\u00f6rv\u00e9ny \u00e9s az eur\u00f3pai adatv\u00e9delmi rendelet jogi rendelkez\u00e9seivel \u00f6sszhangban az oldal felhaszn\u00e1l\u00f3it az al\u00e1bbi jogok illetik meg:<\/p>\n<p><strong>9.1 Hozz\u00e1f\u00e9r\u00e9si, helyesb\u00edt\u00e9si \u00e9s t\u00f6rl\u00e9si jog<\/strong><\/p>\n<p>L&#8217;utilisateur peut consulter, mettre \u00e0 jour, modifier ou demander la suppression des donn\u00e9es le concernant, en envoyant un e-mail \u00e0 la personne responsable du traitement des donn\u00e9es personnelles, en pr\u00e9cisant l&#8217;objet de cette demande \u00e0 l&#8217;adresse e-mail suivante : contact@psona.io.<\/p>\n<p><strong>9.2 A hordozhat\u00f3s\u00e1ghoz val\u00f3 jog<\/strong><\/p>\n<p>A felhaszn\u00e1l\u00f3knak jogukban \u00e1ll k\u00e9rni a weboldal vagy az elad\u00f3 \u00e1ltal t\u00e1rolt szem\u00e9lyes adataik m\u00e1s weboldalra t\u00f6rt\u00e9n\u0151 \u00e1thelyez\u00e9s\u00e9t az\u00e1ltal, hogy az adatkezel\u0151h\u00f6z a fent megadott c\u00edmre k\u00fcld\u00f6tt e-mailben k\u00e9rv\u00e9nyt ny\u00fajtanak be szem\u00e9lyes adataik \u00e1thelyez\u00e9s\u00e9re vonatkoz\u00f3an.<\/p>\n<p><strong>9.3 Az adatkezel\u00e9s korl\u00e1toz\u00e1s\u00e1hoz \u00e9s tiltakoz\u00e1shoz val\u00f3 jog<\/strong><\/p>\n<p>A felhaszn\u00e1l\u00f3nak jog\u00e1ban \u00e1ll k\u00e9rni adatainak az elad\u00f3 \u00e1ltali feldolgoz\u00e1s\u00e1nak korl\u00e1toz\u00e1s\u00e1t vagy ellenezni azt, an\u00e9lk\u00fcl, hogy az elad\u00f3 ezt megtagadhatn\u00e1, kiv\u00e9ve, ha olyan jogos \u00e9s nyom\u00f3s okok \u00e1llnak fenn, amelyek els\u0151bbs\u00e9get \u00e9lveznek a felhaszn\u00e1l\u00f3 \u00e9rdekeivel, jogaival \u00e9s szabads\u00e1gaival szemben.<\/p>\n<p>A felhaszn\u00e1l\u00f3knak a szem\u00e9lyes adataik feldolgoz\u00e1s\u00e1nak korl\u00e1toz\u00e1s\u00e1ra ir\u00e1nyul\u00f3 k\u00e9relmet kell k\u00fcldeni\u00fck az adatkezel\u0151nek a fent megadott c\u00edmre k\u00fcld\u00f6tt e-mailben.<\/p>\n<p><strong>9.4 Jog arra, hogy ne kiz\u00e1r\u00f3lag automatiz\u00e1lt elj\u00e1r\u00e1son alapul\u00f3 d\u00f6nt\u00e9s t\u00e1rgy\u00e1t k\u00e9pezz\u00e9k<\/strong><\/p>\n<p>A 2016\/679 rendelet rendelkez\u00e9seivel \u00f6sszhangban a felhaszn\u00e1l\u00f3nak joga van ahhoz, hogy ne terjedjen ki r\u00e1 a kiz\u00e1r\u00f3lag automatiz\u00e1lt elj\u00e1r\u00e1son alapul\u00f3 d\u00f6nt\u00e9s hat\u00e1lya, ha ez a d\u00f6nt\u00e9s r\u00e1 n\u00e9zve joghat\u00e1ssal j\u00e1r, vagy \u0151t hasonl\u00f3 m\u00f3don jelent\u0151sen \u00e9rinti.<\/p>\n<p><strong>9.5 Az adatok sors\u00e1nak meghat\u00e1roz\u00e1s\u00e1hoz val\u00f3 jog<\/strong><\/p>\n<p>Felh\u00edvjuk a felhaszn\u00e1l\u00f3k figyelm\u00e9t, hogy a 2018-as adatv\u00e9delmi t\u00f6rv\u00e9nynek megfelel\u0151en int\u00e9zkedhetnek az \u00f6sszegy\u0171jt\u00f6tt \u00e9s feldolgozott adataik sors\u00e1r\u00f3l hal\u00e1luk eset\u00e9n.<\/p>\n<p>[\/et_pb_text][et_pb_text _builder_version=&#8221;4.27.4&#8243; _module_preset=&#8221;default&#8221; header_2_text_align=&#8221;center&#8221; global_colors_info=&#8221;{}&#8221;]<\/p>\n<h2>10. CIKK - Jogai gyakorl\u00e1sa<\/h2>\n<p><strong>10.1 Hogyan gyakorolhatja jogait<\/strong><\/p>\n<p>Ha b\u00e1rmelyik jog\u00e1t gyakorolni szeretn\u00e9, egyszer\u0171en :<\/p>\n<ul>\n<li>K\u00fcldj\u00f6n levelet az Elad\u00f3nak az Elad\u00f3 sz\u00e9khely\u00e9nek c\u00edm\u00e9re;<\/li>\n<li>Ou \u00e9crire un e-mail \u00e0 l&#8217;adresse suivante : contact@psona.io.<br \/>K\u00e9rj\u00fck, adja meg teljes nev\u00e9t \u00e9s c\u00edm\u00e9t, \u00e9s csatolja szem\u00e9lyazonoss\u00e1g\u00e1t igazol\u00f3 dokumentumot.<\/li>\n<\/ul>\n<p>Le responsable du traitement des donn\u00e9es est M. Carlo Ela, contact@psona.io.<\/p>\n<p>A k\u00e9relmeket egy h\u00f3napon bel\u00fcl feldolgozz\u00e1k, kiv\u00e9ve, ha az Elad\u00f3 \u00e1ltal el\u0151terjesztett \u00e9s indokolt nyom\u00f3s ok indokolja e hat\u00e1rid\u0151 meghosszabb\u00edt\u00e1s\u00e1t.<\/p>\n<p><strong>10.2 Fellebbez\u00e9s az Adatv\u00e9delmi Bizotts\u00e1ghoz<\/strong><\/p>\n<p>Ha az Elad\u00f3 nem tesz eleget a felhaszn\u00e1l\u00f3 k\u00e9r\u00e9s\u00e9nek, a felhaszn\u00e1l\u00f3nak joga van a weboldalon kereszt\u00fcl kapcsolatba l\u00e9pni az Adatv\u00e9delmi Bizotts\u00e1ggal. <a rel=\"noopener\" target=\"_new\" href=\"https:\/\/www.dataprotection.ie\/\">https:\/\/www.dataprotection.ie\/<\/a>.<\/p>\n<p>[\/et_pb_text][et_pb_text _builder_version=&#8221;4.27.0&#8243; _module_preset=&#8221;default&#8221; header_2_text_align=&#8221;center&#8221; global_colors_info=&#8221;{}&#8221;]<\/p>\n<h2>11. CIKKELY - Cookie-szab\u00e1lyzat<\/h2>\n<p><strong>11.1 Mi az a s\u00fcti?<\/strong><\/p>\n<p>T\u00e1j\u00e9koztatjuk a felhaszn\u00e1l\u00f3kat, hogy a cookie egy kis f\u00e1jl, amelyet a weboldalunk a konzult\u00e1ci\u00f3 sor\u00e1n a felhaszn\u00e1l\u00f3 (sz\u00e1m\u00edt\u00f3g\u00e9p, t\u00e1blag\u00e9p vagy mobileszk\u00f6z) termin\u00e1lj\u00e1n helyez el. Ez nem tartalmaz szem\u00e9lyes adatokat, de lehet\u0151v\u00e9 teszi a felhaszn\u00e1l\u00f3 eszk\u00f6ze \u00e9s az oldalunk haszn\u00e1lat\u00e1ra \u00e9s haszn\u00e1lat\u00e1ra vonatkoz\u00f3 preferenci\u00e1i (p\u00e9ld\u00e1ul: hely, nyelv, bet\u0171m\u00e9ret) k\u00f6z\u00f6tti kapcsolat l\u00e9trehoz\u00e1s\u00e1t.<\/p>\n<p><strong>11.2 Felhaszn\u00e1l\u00f3i hozz\u00e1j\u00e1rul\u00e1s<\/strong><\/p>\n<p>A szem\u00e9lyes adatok t\u00e1rol\u00e1s\u00e1val \u00e9s elemz\u00e9s\u00e9vel j\u00e1r\u00f3 \"cookie\"-f\u00e1jlok haszn\u00e1lat\u00e1hoz minden esetben a felhaszn\u00e1l\u00f3 hozz\u00e1j\u00e1rul\u00e1s\u00e1t k\u00e9rj\u00fck. Ez a hozz\u00e1j\u00e1rul\u00e1s tizenh\u00e1rom (13) h\u00f3napig \u00e9rv\u00e9nyes, bizonyos kiv\u00e9telekt\u0151l eltekintve (l\u00e1sd a 13. cikk szerinti t\u00e1bl\u00e1zatot), amely ut\u00e1n a felhaszn\u00e1l\u00f3t\u00f3l \u00faj enged\u00e9lyt k\u00e9rnek.<\/p>\n<p>[\/et_pb_text][et_pb_text _builder_version=&#8221;4.27.0&#8243; _module_preset=&#8221;default&#8221; header_2_text_align=&#8221;center&#8221; global_colors_info=&#8221;{}&#8221;]<\/p>\n<h2>12. CIKKELY - S\u00fctik haszn\u00e1lata<\/h2>\n<p>A S.I. 336\/2011. sz. tan\u00e1cskoz\u00e1ssal \u00f6sszhangban - Eur\u00f3pai K\u00f6z\u00f6ss\u00e9gek (Elektronikus h\u00edrk\u00f6zl\u0151 h\u00e1l\u00f3zatok \u00e9s szolg\u00e1ltat\u00e1sok) (Adatv\u00e9delem \u00e9s elektronikus h\u00edrk\u00f6zl\u00e9s) 2011. \u00e9vi rendelete - az Elad\u00f3 t\u00e1j\u00e9koztatja a webhely felhaszn\u00e1l\u00f3it, hogy a s\u00fctik bizonyos inform\u00e1ci\u00f3kat r\u00f6gz\u00edtenek, amelyeket a merevlemez\u00fck mem\u00f3ri\u00e1j\u00e1ban t\u00e1rolnak. Ezeket az inform\u00e1ci\u00f3kat arra haszn\u00e1lj\u00e1k fel, hogy statisztik\u00e1kat k\u00e9sz\u00edtsenek az oldal k\u00f6z\u00f6ns\u00e9g\u00e9r\u0151l, \u00e9s hogy a kor\u00e1bbi l\u00e1togat\u00e1sok sor\u00e1n m\u00e1r kiv\u00e1lasztott inform\u00e1ci\u00f3knak megfelel\u0151 szolg\u00e1ltat\u00e1sokat k\u00edn\u00e1ljanak.<\/p>\n<p>Egy banner form\u00e1j\u00e1ban megjelen\u0151 figyelmeztet\u0151 \u00fczenet k\u00e9rdez meg minden egyes felhaszn\u00e1l\u00f3t, aki a webhelyre l\u00e1togat, hogy elfogadja-e a cookie-kat. Annak \u00e9rdek\u00e9ben, hogy garant\u00e1ljuk a honlapot l\u00e1togat\u00f3 felhaszn\u00e1l\u00f3k szabad, t\u00e1j\u00e9kozott \u00e9s egy\u00e9rtelm\u0171 beleegyez\u00e9s\u00e9t, a banner nem t\u0171nik el, am\u00edg a felhaszn\u00e1l\u00f3 nem folytatja a b\u00f6ng\u00e9sz\u00e9st \u00e9s nem konfigur\u00e1lja a v\u00e1laszt\u00e1sait.<\/p>\n<p>A cookie-kat a felhaszn\u00e1l\u00f3 el\u0151zetes beleegyez\u00e9se n\u00e9lk\u00fcl nem helyezz\u00fck el \u00e9s nem olvassuk el:<\/p>\n<ul>\n<li>Ha a honlapot megl\u00e1togat\u00f3 szem\u00e9ly (p\u00e9ld\u00e1ul a kezd\u0151lapon vagy k\u00f6zvetlen\u00fcl a honlap egy m\u00e1sik oldal\u00e1n egy keres\u0151motorb\u00f3l) nem folytatja a b\u00f6ng\u00e9sz\u00e9st: a cselekv\u00e9s egyszer\u0171 hi\u00e1nya nem azonos\u00edthat\u00f3 az akarat megnyilv\u00e1nul\u00e1s\u00e1val;<\/li>\n<li>Vagy ha a bannerben tal\u00e1lhat\u00f3 linkre kattintanak, amely lehet\u0151v\u00e9 teszi sz\u00e1mukra a s\u00fctik konfigur\u00e1l\u00e1s\u00e1t \u00e9s sz\u00fcks\u00e9g eset\u00e9n a s\u00fctik let\u00e9tbe helyez\u00e9s\u00e9nek elutas\u00edt\u00e1s\u00e1t.<\/li>\n<\/ul>\n<p>A k\u00f6vetkez\u0151 c\u00e9lokra haszn\u00e1lunk \u00e9s gy\u0171jt\u00fcnk s\u00fctiket:<\/p>\n<p>- A honlapunk forgalm\u00e1ra vonatkoz\u00f3 statisztik\u00e1k \u00e9s inform\u00e1ci\u00f3k feldolgoz\u00e1sa, valamint a lehet\u0151 legnagyobb m\u00e9rt\u00e9k\u0171 optimaliz\u00e1l\u00e1sa;<br \/>- Hogy felhaszn\u00e1l\u00f3inknak g\u00f6rd\u00fcl\u00e9keny b\u00f6ng\u00e9sz\u00e9si \u00e9lm\u00e9nyt ny\u00fajtsunk az\u00e1ltal, hogy weboldalunk megjelen\u00edt\u00e9s\u00e9t a felhaszn\u00e1l\u00f3 termin\u00e1lj\u00e1nak megjelen\u00edt\u00e9si preferenci\u00e1ihoz igaz\u00edtjuk;<br \/>- A felhaszn\u00e1l\u00f3 \u00e1ltal az oldalon megadott inform\u00e1ci\u00f3k t\u00e1rol\u00e1sa.<\/p>\n<p>[\/et_pb_text][et_pb_text _builder_version=&#8221;4.27.4&#8243; _module_preset=&#8221;default&#8221; header_2_text_align=&#8221;center&#8221; custom_css_free_form=&#8221;selector table, selector td, selector tr, selector th {||  border:1px solid;||  border-color:#034833 !important;||}&#8221; global_colors_info=&#8221;{}&#8221;]<\/p>\n<h2>13. CIKKELY - Az oldalon tal\u00e1lhat\u00f3 s\u00fctik list\u00e1ja<\/h2>\n<div style=\"overflow-x:auto;\">\n<table style=\"border-collapse: collapse; width: 100%; border: 1px solid #034833;\">\n<thead>\n<tr>\n<th style=\"border: 1px solid #034833; padding: 8px;\">S\u00fctik<\/th>\n<th style=\"border: 1px solid #034833; padding: 8px;\">Id\u0151tartam<\/th>\n<th style=\"border: 1px solid #034833; padding: 8px;\">Indokl\u00e1s<\/th>\n<th style=\"border: 1px solid #034833; padding: 8px;\">Csak a csatlakoztatott fi\u00f3kok eset\u00e9ben?<\/th>\n<\/tr>\n<\/thead>\n<tbody>\n<tr>\n<td style=\"border: 1px solid #034833; padding: 8px;\">devicePixelRatio<\/td>\n<td style=\"border: 1px solid #034833; padding: 8px;\">Alap\u00e9rtelmezett b\u00f6ng\u00e9sz\u0151 (1 \u00e9v)<\/td>\n<td style=\"border: 1px solid #034833; padding: 8px;\">A webhelynek a webhelyet l\u00e1togat\u00f3 szem\u00e9ly k\u00e9perny\u0151m\u00e9ret\u00e9hez val\u00f3 igaz\u00edt\u00e1s\u00e1ra szolg\u00e1l.<\/td>\n<td style=\"border: 1px solid #034833; padding: 8px;\">Nem<\/td>\n<\/tr>\n<tr>\n<td style=\"border: 1px solid #034833; padding: 8px;\">wordpress_test_cookie<\/td>\n<td style=\"border: 1px solid #034833; padding: 8px;\">\u00dcl\u00e9s<\/td>\n<td style=\"border: 1px solid #034833; padding: 8px;\">Ellen\u0151rzi, hogy a b\u00f6ng\u00e9sz\u0151 elfogadja-e a s\u00fctiket.<\/td>\n<td style=\"border: 1px solid #034833; padding: 8px;\">Nem<\/td>\n<\/tr>\n<tr>\n<td style=\"border: 1px solid #034833; padding: 8px;\">_ga<\/td>\n<td style=\"border: 1px solid #034833; padding: 8px;\">2 \u00e9v<\/td>\n<td style=\"border: 1px solid #034833; padding: 8px;\">Google Analytics - A felhaszn\u00e1l\u00f3k megk\u00fcl\u00f6nb\u00f6ztet\u00e9s\u00e9re szolg\u00e1l.<\/td>\n<td style=\"border: 1px solid #034833; padding: 8px;\">Nem<\/td>\n<\/tr>\n<tr>\n<td style=\"border: 1px solid #034833; padding: 8px;\"><em>gat<\/em>&lt;property-id&gt;<\/td>\n<td style=\"border: 1px solid #034833; padding: 8px;\">1 perc<\/td>\n<td style=\"border: 1px solid #034833; padding: 8px;\">Google Analytics - A k\u00e9r\u00e9sek ar\u00e1ny\u00e1nak szab\u00e1lyoz\u00e1s\u00e1ra szolg\u00e1l.<\/td>\n<td style=\"border: 1px solid #034833; padding: 8px;\">Nem<\/td>\n<\/tr>\n<tr>\n<td style=\"border: 1px solid #034833; padding: 8px;\">_gid<\/td>\n<td style=\"border: 1px solid #034833; padding: 8px;\">24 \u00f3ra<\/td>\n<td style=\"border: 1px solid #034833; padding: 8px;\">Google Analytics - A felhaszn\u00e1l\u00f3k megk\u00fcl\u00f6nb\u00f6ztet\u00e9s\u00e9re szolg\u00e1l.<\/td>\n<td style=\"border: 1px solid #034833; padding: 8px;\">Nem<\/td>\n<\/tr>\n<tr>\n<td style=\"border: 1px solid #034833; padding: 8px;\">tk_ai<\/td>\n<td style=\"border: 1px solid #034833; padding: 8px;\">24 \u00f3ra<\/td>\n<td style=\"border: 1px solid #034833; padding: 8px;\">Jetpack - T\u00e1rolja annak a szem\u00e9lynek az egyedi azonos\u00edt\u00f3j\u00e1t, aki k\u00f6zz\u00e9tette, hogy a Jetpack adatokat gy\u0171jthessen.<\/td>\n<td style=\"border: 1px solid #034833; padding: 8px;\">Nem<\/td>\n<\/tr>\n<tr>\n<td style=\"border: 1px solid #034833; padding: 8px;\">tk_lr<\/td>\n<td style=\"border: 1px solid #034833; padding: 8px;\">1 \u00e9v<\/td>\n<td style=\"border: 1px solid #034833; padding: 8px;\">Jetpack - T\u00e1rolja annak a szem\u00e9lynek az egyedi azonos\u00edt\u00f3j\u00e1t, aki k\u00f6zz\u00e9tette, hogy a Jetpack adatokat gy\u0171jthessen.<\/td>\n<td style=\"border: 1px solid #034833; padding: 8px;\">Nem<\/td>\n<\/tr>\n<tr>\n<td style=\"border: 1px solid #034833; padding: 8px;\">tk_or<\/td>\n<td style=\"border: 1px solid #034833; padding: 8px;\">5 \u00e9v<\/td>\n<td style=\"border: 1px solid #034833; padding: 8px;\">Jetpack - T\u00e1rolja annak a szem\u00e9lynek az egyedi azonos\u00edt\u00f3j\u00e1t, aki k\u00f6zz\u00e9tette, hogy a Jetpack adatokat gy\u0171jthessen.<\/td>\n<td style=\"border: 1px solid #034833; padding: 8px;\">Nem<\/td>\n<\/tr>\n<tr>\n<td style=\"border: 1px solid #034833; padding: 8px;\">wp-settings-{user_id}<\/td>\n<td style=\"border: 1px solid #034833; padding: 8px;\">1 \u00e9v<\/td>\n<td style=\"border: 1px solid #034833; padding: 8px;\">Egy fi\u00f3k wp-admin konfigur\u00e1ci\u00f3j\u00e1nak t\u00e1rol\u00e1s\u00e1ra szolg\u00e1l.<\/td>\n<td style=\"border: 1px solid #034833; padding: 8px;\">Igen<\/td>\n<\/tr>\n<tr>\n<td style=\"border: 1px solid #034833; padding: 8px;\">wporg_logged_in<\/td>\n<td style=\"border: 1px solid #034833; padding: 8px;\"><\/td>\n<td style=\"border: 1px solid #034833; padding: 8px;\"><\/td>\n<td style=\"border: 1px solid #034833; padding: 8px;\">Igen<\/td>\n<\/tr>\n<tr>\n<td style=\"border: 1px solid #034833; padding: 8px;\">wporg_sec<\/td>\n<td style=\"border: 1px solid #034833; padding: 8px;\">14 nap, ha a bejelentkez\u00e9skor az \"Eml\u00e9kezzen r\u00e1m\" opci\u00f3t v\u00e1lasztja. Egy\u00e9bk\u00e9nt a munkamenet id\u0151tartama.<\/td>\n<td style=\"border: 1px solid #034833; padding: 8px;\">Annak ellen\u0151rz\u00e9s\u00e9re szolg\u00e1l, hogy az oldalt l\u00e1togat\u00f3 szem\u00e9ly csatlakozik-e a WordPress.org fi\u00f3kj\u00e1hoz.<\/td>\n<td style=\"border: 1px solid #034833; padding: 8px;\">Igen<\/td>\n<\/tr>\n<tr>\n<td style=\"border: 1px solid #034833; padding: 8px;\">wporg_locale<\/td>\n<td style=\"border: 1px solid #034833; padding: 8px;\">1 \u00e9v<\/td>\n<td style=\"border: 1px solid #034833; padding: 8px;\">A felhaszn\u00e1l\u00f3 helyi konfigur\u00e1ci\u00f3j\u00e1nak meg\u0151rz\u00e9s\u00e9re szolg\u00e1l.<\/td>\n<td style=\"border: 1px solid #034833; padding: 8px;\">Igen<\/td>\n<\/tr>\n<\/tbody>\n<\/table>\n<\/div>\n<p>[\/et_pb_text][et_pb_text _builder_version=&#8221;4.27.0&#8243; _module_preset=&#8221;default&#8221; header_2_text_align=&#8221;center&#8221; custom_css_free_form=&#8221;selector table, selector td, selector tr, selector th {||  border:1px solid;||  border-color:#034833 !important;||}&#8221; global_colors_info=&#8221;{}&#8221;]<\/p>\n<h2>CIKK - Ellenvet\u00e9s \u00e9s konfigur\u00e1ci\u00f3<\/h2>\n<p>Minden felhaszn\u00e1l\u00f3 elutas\u00edthatja a s\u00fctik elfogad\u00e1s\u00e1t a b\u00f6ng\u00e9sz\u0151j\u00e9nek a k\u00f6vetkez\u0151 m\u00f3don t\u00f6rt\u00e9n\u0151 be\u00e1ll\u00edt\u00e1s\u00e1val:<\/p>\n<p>- Nyisson meg egy priv\u00e1t b\u00f6ng\u00e9sz\u0151ablakot ;<br \/>- A s\u00fctik be\u00e1ll\u00edt\u00e1sa a honlapunk kezd\u0151lapj\u00e1n el\u00e9rhet\u0151 \"S\u00fctik\" widget seg\u00edts\u00e9g\u00e9vel;<br \/>- \u00c1ll\u00edtsa be sz\u00e1m\u00edt\u00f3g\u00e9p\u00e9t \u00fagy, hogy minden egyes webhelyen vagy szisztematikusan megjelenjen egy \u00fczenet, amely megk\u00e9rdezi \u00d6nt, hogy elfogadja, szem\u00e9lyre szabja vagy elutas\u00edtja-e a s\u00fctiket;<\/p>\n<p>Vagy b\u00e1rmely m\u00e1s, a felhaszn\u00e1l\u00f3 rendelkez\u00e9s\u00e9re \u00e1ll\u00f3 eszk\u00f6zzel.<\/p>\n<p>A felhaszn\u00e1l\u00f3k b\u00e1rmikor kifejezhetik \u00e9s m\u00f3dos\u00edthatj\u00e1k a s\u00fctikkel kapcsolatos preferenci\u00e1ikat. Az Elad\u00f3 minden felel\u0151ss\u00e9get kiz\u00e1r a weboldal m\u0171k\u00f6d\u00e9s\u00e9vel \u00e9s a k\u00edn\u00e1lt szolg\u00e1ltat\u00e1sokkal kapcsolatos k\u00f6vetkezm\u00e9nyek\u00e9rt, amelyek a :<\/p>\n<p>- A cookie-k elutas\u00edt\u00e1sa a felhaszn\u00e1l\u00f3 r\u00e9sz\u00e9r\u0151l ;<br \/>- \u00e9s\/vagy az, hogy az oldal a felhaszn\u00e1l\u00f3 v\u00e1laszt\u00e1sa miatt nem tudja r\u00f6gz\u00edteni vagy lek\u00e9rdezni a m\u0171k\u00f6d\u00e9s\u00e9hez sz\u00fcks\u00e9ges cookie-kat.<\/p>\n<p>[\/et_pb_text][et_pb_text _builder_version=&#8221;4.27.0&#8243; _module_preset=&#8221;default&#8221; header_2_text_align=&#8221;center&#8221; custom_css_free_form=&#8221;selector table, selector td, selector tr, selector th {||  border:1px solid;||  border-color:#034833 !important;||}&#8221; global_colors_info=&#8221;{}&#8221;]<\/p>\n<h2>15. CIKK - B\u00f6ng\u00e9sz\u0151 konfigur\u00e1ci\u00f3<\/h2>\n<p>A felhaszn\u00e1l\u00f3k konfigur\u00e1lhatj\u00e1k b\u00f6ng\u00e9sz\u0151szoftver\u00fcket, hogy meghat\u00e1rozz\u00e1k a s\u00fctik haszn\u00e1lat\u00e1val kapcsolatos d\u00f6nt\u00e9seiket:<\/p>\n<ul>\n<li>A  oldalon. <strong>Microsoft Edge\u2122<\/strong> : <a rel=\"noopener\" target=\"_new\" href=\"https:\/\/support.microsoft.com\/fr-fr\/microsoft-edge\">https:\/\/support.microsoft.com\/fr-fr\/microsoft-edge<\/a><\/li>\n<li>A  oldalon. <strong>Szafari\u2122<\/strong> : <a rel=\"noopener\" target=\"_new\" href=\"http:\/\/docs.info.apple.com\/article.html?path=Safari\/3.0\/fr\/9277.html\">http:\/\/docs.info.apple.com\/article.html?path=Safari\/3.0\/fr\/9277.html<\/a><\/li>\n<li>A  oldalon. <strong>Chrome\u2122<\/strong> : <a rel=\"noopener\" target=\"_new\" href=\"http:\/\/support.google.com\/chrome\/bin\/answer.py?hl=fr&amp;hlrm=en&amp;answer=95647\">http:\/\/support.google.com\/chrome\/bin\/answer.py?hl=fr&amp;hlrm=en&amp;answer=95647<\/a><\/li>\n<li>A  oldalon. <strong>Firefox\u2122<\/strong> : <a rel=\"noopener\" target=\"_new\" href=\"http:\/\/support.mozilla.org\/fr\/kb\/Activer%20et%20d%C3%A9sactiver%20les%20cookies\">http:\/\/support.mozilla.org\/fr\/kb\/Activer%20et%20d%C3%A9sactiver%20les%20cookies<\/a><\/li>\n<li>A  oldalon. <strong>Opera\u2122<\/strong> : <a rel=\"noopener\" target=\"_new\" href=\"http:\/\/help.opera.com\/Windows\/10.20\/fr\/cookies.html\">http:\/\/help.opera.com\/Windows\/10.20\/fr\/cookies.html<\/a><\/li>\n<\/ul>\n<p>A felhaszn\u00e1l\u00f3k a b\u00f6ng\u00e9sz\u0151j\u00fcket \u00fagy is be\u00e1ll\u00edthatj\u00e1k, hogy a telep\u00edt\u00e9s el\u0151tt eseti alapon elfogadj\u00e1k vagy elutas\u00edts\u00e1k a s\u00fctiket, illetve t\u00f6r\u00f6lhetik a s\u00fctiket a termin\u00e1ljukr\u00f3l. T\u00e1j\u00e9koztatjuk a felhaszn\u00e1l\u00f3kat, hogy a b\u00f6ng\u00e9sz\u0151j\u00fck cookie-k elutas\u00edt\u00e1s\u00e1ra t\u00f6rt\u00e9n\u0151 be\u00e1ll\u00edt\u00e1s\u00e1val el\u0151fordulhat, hogy a weboldalunk bizonyos funkci\u00f3i nem lesznek el\u00e9rhet\u0151k, \u00e9s sem az Elad\u00f3, sem a t\u00e1rhelyszolg\u00e1ltat\u00f3 nem vonhat\u00f3 felel\u0151ss\u00e9gre ebben a tekintetben.<\/p>\n<p>[\/et_pb_text][et_pb_text _builder_version=&#8221;4.27.0&#8243; _module_preset=&#8221;default&#8221; header_2_text_align=&#8221;center&#8221; custom_css_free_form=&#8221;selector table, selector td, selector tr, selector th {||  border:1px solid;||  border-color:#034833 !important;||}&#8221; global_colors_info=&#8221;{}&#8221;]<\/p>\n<h2>CIKK - A titoktart\u00e1si politika m\u00f3dos\u00edt\u00e1sa<\/h2>\n<p>Az Elad\u00f3 fenntartja a jogot, hogy ezt a politik\u00e1t b\u00e1rmikor m\u00f3dos\u00edtsa. Ha a jelen szab\u00e1lyzatot m\u00f3dos\u00edtj\u00e1k, az \u00faj v\u00e1ltozatot azonnal k\u00f6zz\u00e9teszik az oldalon. Ha a felhaszn\u00e1l\u00f3 nem \u00e9rt egyet a szab\u00e1lyzat \u00faj v\u00e1ltozat\u00e1nak felt\u00e9teleivel, lehet\u0151s\u00e9ge van arra, hogy ne vegye ig\u00e9nybe a tov\u00e1bbiakban az oldal szolg\u00e1ltat\u00e1sait, \u00e9s ne b\u00f6ng\u00e9szhessen tov\u00e1bb.<\/p>\n<p>[\/et_pb_text][et_pb_text _builder_version=&#8221;4.27.0&#8243; _module_preset=&#8221;default&#8221; header_2_text_align=&#8221;center&#8221; custom_css_free_form=&#8221;selector table, selector td, selector tr, selector th {||  border:1px solid;||  border-color:#034833 !important;||}&#8221; global_colors_info=&#8221;{}&#8221;]<\/p>\n<h2>17. CIKK - Az adatv\u00e9delmi szab\u00e1lyzat elfogad\u00e1sa a felhaszn\u00e1l\u00f3 \u00e1ltal<\/h2>\n<p>Az oldal b\u00f6ng\u00e9sz\u00e9s\u00e9vel a felhaszn\u00e1l\u00f3k igazolj\u00e1k, hogy elolvast\u00e1k \u00e9s meg\u00e9rtett\u00e9k ezt az adatv\u00e9delmi politik\u00e1t, \u00e9s elfogadj\u00e1k annak felt\u00e9teleit, k\u00fcl\u00f6n\u00f6sen a szem\u00e9lyes adataik gy\u0171jt\u00e9se \u00e9s feldolgoz\u00e1sa, valamint a \"s\u00fctik\" haszn\u00e1lata tekintet\u00e9ben.<\/p>\n<p>[\/et_pb_text][et_pb_text _builder_version=&#8221;4.27.4&#8243; _module_preset=&#8221;default&#8221; header_2_text_align=&#8221;center&#8221; custom_css_free_form=&#8221;selector table, selector td, selector tr, selector th {||  border:1px solid;||  border-color:#034833 !important;||}&#8221; global_colors_info=&#8221;{}&#8221;]<\/p>\n<h2><strong>ARTICLE 18 \u2013 Loi applicable<\/strong><\/h2>\n<p class=\"font-claude-response-body break-words whitespace-normal leading-[1.7]\">La pr\u00e9sente Politique de Confidentialit\u00e9 est r\u00e9gie par le droit anglais. Tout litige relatif \u00e0 son interpr\u00e9tation ou son ex\u00e9cution rel\u00e8ve de la comp\u00e9tence exclusive des tribunaux anglais.<\/p>\n<p>[\/et_pb_text][\/et_pb_column][\/et_pb_row][\/et_pb_section]<\/p>","protected":false},"excerpt":{"rendered":"<p>Politique de confidentialit\u00e9 Preambule Entry into force: January 22th, 2026 CLICKBUSTER LTD63-66 Hatton GardenLondon EC1N 8LECompany number 13014667VAT number GB 363 9346 71 L&#8217;acc\u00e8s au site et \u00e0 ses fonctionnalit\u00e9s n\u00e9cessite la collecte et le traitement des donn\u00e9es personnelles des utilisateurs. Il \u00e9tait donc n\u00e9cessaire d&#8217;\u00e9tablir une politique de protection des donn\u00e9es personnelles afin de [&hellip;]<\/p>","protected":false},"author":1,"featured_media":0,"parent":0,"menu_order":0,"comment_status":"closed","ping_status":"closed","template":"","meta":{"_et_pb_use_builder":"on","_et_pb_old_content":"<!-- wp:divi\/placeholder \/-->","_et_gb_content_width":"","inline_featured_image":false,"footnotes":""},"class_list":["post-150","page","type-page","status-publish","hentry"],"_links":{"self":[{"href":"https:\/\/psona.io\/hu\/wp-json\/wp\/v2\/pages\/150","targetHints":{"allow":["GET"]}}],"collection":[{"href":"https:\/\/psona.io\/hu\/wp-json\/wp\/v2\/pages"}],"about":[{"href":"https:\/\/psona.io\/hu\/wp-json\/wp\/v2\/types\/page"}],"author":[{"embeddable":true,"href":"https:\/\/psona.io\/hu\/wp-json\/wp\/v2\/users\/1"}],"replies":[{"embeddable":true,"href":"https:\/\/psona.io\/hu\/wp-json\/wp\/v2\/comments?post=150"}],"version-history":[{"count":9,"href":"https:\/\/psona.io\/hu\/wp-json\/wp\/v2\/pages\/150\/revisions"}],"predecessor-version":[{"id":2639,"href":"https:\/\/psona.io\/hu\/wp-json\/wp\/v2\/pages\/150\/revisions\/2639"}],"wp:attachment":[{"href":"https:\/\/psona.io\/hu\/wp-json\/wp\/v2\/media?parent=150"}],"curies":[{"name":"wp","href":"https:\/\/api.w.org\/{rel}","templated":true}]}}