{"id":2643,"date":"2026-01-22T21:24:36","date_gmt":"2026-01-22T21:24:36","guid":{"rendered":"https:\/\/psona.io\/?page_id=2643"},"modified":"2026-01-22T21:25:55","modified_gmt":"2026-01-22T21:25:55","slug":"disclaimer","status":"publish","type":"page","link":"https:\/\/psona.io\/hu\/disclaimer\/","title":{"rendered":"Felel\u0151ss\u00e9gi nyilatkozat"},"content":{"rendered":"<p>[et_pb_section fb_built=&#8221;1&#8243; custom_padding_last_edited=&#8221;on|tablet&#8221; admin_label=&#8221;Header&#8221; _builder_version=&#8221;4.27.0&#8243; custom_margin=&#8221;0px||0px||true|false&#8221; custom_padding=&#8221;0px||0px||true|false&#8221; custom_padding_tablet=&#8221;||||true|false&#8221; custom_padding_phone=&#8221;||||true|false&#8221; locked=&#8221;off&#8221; global_colors_info=&#8221;{}&#8221; theme_builder_area=&#8221;post_content&#8221;][et_pb_row use_custom_gutter=&#8221;on&#8221; gutter_width=&#8221;1&#8243; custom_padding_last_edited=&#8221;on|phone&#8221; _builder_version=&#8221;4.27.0&#8243; background_color=&#8221;#034833&#8243; background_size=&#8221;initial&#8221; background_position=&#8221;top_left&#8221; background_repeat=&#8221;repeat&#8221; width=&#8221;95%&#8221; custom_margin=&#8221;||||true|false&#8221; custom_padding=&#8221;150px||150px||true|true&#8221; custom_padding_tablet=&#8221;80px||80px||true|false&#8221; custom_padding_phone=&#8221;60px||60px||true|false&#8221; border_radii=&#8221;on|50px|50px|50px|50px&#8221; global_colors_info=&#8221;{}&#8221; theme_builder_area=&#8221;post_content&#8221;][et_pb_column type=&#8221;4_4&#8243; _builder_version=&#8221;4.27.0&#8243; custom_padding=&#8221;|||&#8221; global_colors_info=&#8221;{}&#8221; custom_padding__hover=&#8221;|||&#8221; custom_css_main_element_last_edited=&#8221;on|phone&#8221; theme_builder_area=&#8221;post_content&#8221;][et_pb_text module_class=&#8221;title-header&#8221; _builder_version=&#8221;4.27.4&#8243; background_size=&#8221;initial&#8221; background_position=&#8221;top_left&#8221; background_repeat=&#8221;repeat&#8221; width=&#8221;72%&#8221; width_tablet=&#8221;70%&#8221; width_phone=&#8221;68.5%&#8221; width_last_edited=&#8221;on|tablet&#8221; module_alignment=&#8221;center&#8221; custom_margin=&#8221;0px||0px||false|false&#8221; custom_margin_tablet=&#8221;0px||0px||false|false&#8221; custom_margin_phone=&#8221;0px||0px||false|false&#8221; custom_margin_last_edited=&#8221;on|tablet&#8221; custom_padding=&#8221;0px||0px||true|false&#8221; hover_enabled=&#8221;0&#8243; header_font_size_tablet=&#8221;50px&#8221; header_font_size_phone=&#8221;40px&#8221; global_colors_info=&#8221;{}&#8221; theme_builder_area=&#8221;post_content&#8221; sticky_enabled=&#8221;0&#8243;]<\/p>\n<h1 class=\"text-text-100 mt-3 -mb-1 text-[1.375rem] font-bold\">Felel\u0151ss\u00e9gi nyilatkozat<\/h1>\n<p><!-- \/divi:paragraph --><\/p>\n<p>[\/et_pb_text][\/et_pb_column][\/et_pb_row][\/et_pb_section][et_pb_section fb_built=&#8221;1&#8243; _builder_version=&#8221;4.27.0&#8243; _module_preset=&#8221;default&#8221; global_colors_info=&#8221;{}&#8221; locked=&#8221;off&#8221; theme_builder_area=&#8221;post_content&#8221;][et_pb_row _builder_version=&#8221;4.27.0&#8243; _module_preset=&#8221;default&#8221; global_colors_info=&#8221;{}&#8221; theme_builder_area=&#8221;post_content&#8221;][et_pb_column type=&#8221;4_4&#8243; _builder_version=&#8221;4.27.0&#8243; _module_preset=&#8221;default&#8221; global_colors_info=&#8221;{}&#8221; theme_builder_area=&#8221;post_content&#8221;][et_pb_text _builder_version=&#8221;4.27.4&#8243; _module_preset=&#8221;default&#8221; header_2_text_align=&#8221;center&#8221; hover_enabled=&#8221;0&#8243; global_colors_info=&#8221;{}&#8221; theme_builder_area=&#8221;post_content&#8221; sticky_enabled=&#8221;0&#8243;]<\/p>\n<p class=\"font-claude-response-body break-words whitespace-normal leading-[1.7]\">Utols\u00f3 friss\u00edt\u00e9s: 2026. janu\u00e1r 22.<\/p>\n<h2 class=\"text-text-100 mt-3 -mb-1 text-[1.125rem] font-bold\">\u00c9rtelmez\u00e9s \u00e9s fogalommeghat\u00e1roz\u00e1sok<\/h2>\n<h3 class=\"text-text-100 mt-2 -mb-1 text-base font-bold\">Tolm\u00e1csol\u00e1s<\/h3>\n<p class=\"font-claude-response-body break-words whitespace-normal leading-[1.7]\">Azok a szavak, amelyek kezd\u0151bet\u0171je nagybet\u0171vel van \u00edrva, a k\u00f6vetkez\u0151 felt\u00e9telekben meghat\u00e1rozott jelent\u00e9ssel b\u00edrnak. Az al\u00e1bbi meghat\u00e1roz\u00e1sok jelent\u00e9se azonos, ak\u00e1r egyes, ak\u00e1r t\u00f6bbes sz\u00e1mban szerepelnek.<\/p>\n<h3 class=\"text-text-100 mt-2 -mb-1 text-base font-bold\">Fogalommeghat\u00e1roz\u00e1sok<\/h3>\n<p class=\"font-claude-response-body break-words whitespace-normal leading-[1.7]\">E figyelmeztet\u00e9s alkalmaz\u00e1s\u00e1ban :<\/p>\n<ul class=\"[li_&amp;]:mb-0 [li_&amp;]:mt-1 [li_&amp;]:gap-1 [&amp;:not(:last-child)_ul]:pb-1 [&amp;:not(:last-child)_ol]:pb-1 list-disc flex flex-col gap-1 pl-8 mb-3\">\n<li class=\"whitespace-normal break-words pl-2\"><strong>C\u00e9g<\/strong> (a jelen T\u00e1j\u00e9koztat\u00f3ban \u00aba T\u00e1rsas\u00e1g\u00bb, \u00abmi\u00bb, \u00abminket\u00bb vagy \"mi\u00e9nk\") a CLICKBUSTER LTD, 63-66 Hatton Garden, London EC1N 8LE.<\/li>\n<li class=\"whitespace-normal break-words pl-2\"><strong>Szolg\u00e1ltat\u00e1s<\/strong> a Weboldalra vonatkozik.<\/li>\n<li class=\"whitespace-normal break-words pl-2\"><strong>Te<\/strong> a Szolg\u00e1ltat\u00e1shoz hozz\u00e1f\u00e9r\u0151 term\u00e9szetes szem\u00e9ly, illetve az a v\u00e1llalat vagy m\u00e1s jogi szem\u00e9ly, akinek a nev\u00e9ben az adott szem\u00e9ly a Szolg\u00e1ltat\u00e1st ig\u00e9nybe veszi vagy haszn\u00e1lja.<\/li>\n<li class=\"whitespace-normal break-words pl-2\"><strong>Weboldal<\/strong> a PSONA-ra utal, amely a <a class=\"underline underline underline-offset-2 decoration-1 decoration-current\/40 hover:decoration-current focus:decoration-current\" href=\"https:\/\/psona.io\/hu\/\">https:\/\/psona.io\/<\/a><\/li>\n<\/ul>\n<h2 class=\"text-text-100 mt-3 -mb-1 text-[1.125rem] font-bold\">\u00c1ltal\u00e1nos figyelmeztet\u00e9s<\/h2>\n<p class=\"font-claude-response-body break-words whitespace-normal leading-[1.7]\">A Szolg\u00e1ltat\u00e1sban tal\u00e1lhat\u00f3 inform\u00e1ci\u00f3k csak \u00e1ltal\u00e1nos t\u00e1j\u00e9koztat\u00e1s c\u00e9lj\u00e1b\u00f3l ker\u00fclnek rendelkez\u00e9sre.<\/p>\n<p class=\"font-claude-response-body break-words whitespace-normal leading-[1.7]\">A T\u00e1rsas\u00e1g nem v\u00e1llal felel\u0151ss\u00e9get a Szolg\u00e1ltat\u00e1s tartalm\u00e1nak hib\u00e1i\u00e9rt vagy hi\u00e1nyoss\u00e1gai\u00e9rt.<\/p>\n<p class=\"font-claude-response-body break-words whitespace-normal leading-[1.7]\">A T\u00e1rsas\u00e1g semmilyen esetben sem v\u00e1llal felel\u0151ss\u00e9get semmilyen k\u00fcl\u00f6nleges, k\u00f6zvetlen, k\u00f6zvetett, k\u00f6zvetett, k\u00f6vetkezm\u00e9nyes vagy j\u00e1rul\u00e9kos k\u00e1r\u00e9rt, vagy b\u00e1rmilyen m\u00e1s k\u00e1r\u00e9rt, ak\u00e1r szerz\u0151d\u00e9s, gondatlans\u00e1g vagy m\u00e1s jogellenes cselekm\u00e9ny alapj\u00e1n, amely a Szolg\u00e1ltat\u00e1s haszn\u00e1lat\u00e1b\u00f3l vagy a Szolg\u00e1ltat\u00e1s tartalm\u00e1b\u00f3l ered, vagy azzal kapcsolatban \u00e1ll. A T\u00e1rsas\u00e1g fenntartja a jogot, hogy a Szolg\u00e1ltat\u00e1s tartalm\u00e1t b\u00e1rmikor, el\u0151zetes \u00e9rtes\u00edt\u00e9s n\u00e9lk\u00fcl kieg\u00e9sz\u00edtse, t\u00f6r\u00f6lje vagy m\u00f3dos\u00edtsa.<\/p>\n<p class=\"font-claude-response-body break-words whitespace-normal leading-[1.7]\">A T\u00e1rsas\u00e1g nem garant\u00e1lja, hogy a Szolg\u00e1ltat\u00e1s mentes a v\u00edrusokt\u00f3l vagy m\u00e1s k\u00e1ros \u00f6sszetev\u0151kt\u0151l.<\/p>\n<h2 class=\"text-text-100 mt-3 -mb-1 text-[1.125rem] font-bold\">Figyelmeztet\u00e9s a szem\u00e9lyis\u00e9gtesztekkel kapcsolatban<\/h2>\n<p class=\"font-claude-response-body break-words whitespace-normal leading-[1.7]\">Az ezen a szolg\u00e1ltat\u00e1son k\u00edn\u00e1lt szem\u00e9lyis\u00e9gtesztek :<\/p>\n<ul class=\"[li_&amp;]:mb-0 [li_&amp;]:mt-1 [li_&amp;]:gap-1 [&amp;:not(:last-child)_ul]:pb-1 [&amp;:not(:last-child)_ol]:pb-1 list-disc flex flex-col gap-1 pl-8 mb-3\">\n<li class=\"whitespace-normal break-words pl-2\">Ezek nem egzakt tudom\u00e1nyok, \u00e9s nem tekinthet\u0151k professzion\u00e1lis pszichol\u00f3giai vagy pszichoanalitikus \u00e9rt\u00e9kel\u00e9seknek.<\/li>\n<li class=\"whitespace-normal break-words pl-2\">Az al\u00e1bbiakat csak t\u00e1j\u00e9koztat\u00e1sul \u00e9s sz\u00f3rakoztat\u00e1sul adjuk meg.<\/li>\n<li class=\"whitespace-normal break-words pl-2\">Nem haszn\u00e1lhat\u00f3 kiz\u00e1r\u00f3lagos alapk\u00e9nt az \u00d6n szem\u00e9lyes, szakmai vagy eg\u00e9szs\u00e9g\u00fcgyi \u00e9let\u00e9vel kapcsolatos fontos d\u00f6nt\u00e9sek meghozatal\u00e1hoz.<\/li>\n<li class=\"whitespace-normal break-words pl-2\">Nem min\u0151s\u00fcl orvosi, pszichol\u00f3giai vagy szakmai tan\u00e1csad\u00e1snak<\/li>\n<\/ul>\n<p class=\"font-claude-response-body break-words whitespace-normal leading-[1.7]\">A T\u00e1rsas\u00e1g nem v\u00e1llal felel\u0151ss\u00e9get a felhaszn\u00e1l\u00f3k \u00e1ltal a teszteredm\u00e9nyek alapj\u00e1n hozott d\u00f6nt\u00e9sek\u00e9rt. Ha b\u00e1rmilyen pszichol\u00f3giai vagy orvosi k\u00e9rd\u00e9se van, javasoljuk, hogy forduljon szakk\u00e9pzett szakemberhez.<\/p>\n<h2 class=\"text-text-100 mt-3 -mb-1 text-[1.125rem] font-bold\">Figyelmeztet\u00e9s a k\u00fcls\u0151 linkekre vonatkoz\u00f3an<\/h2>\n<p class=\"font-claude-response-body break-words whitespace-normal leading-[1.7]\">A Szolg\u00e1ltat\u00e1s tartalmazhat olyan k\u00fcls\u0151 weboldalakra mutat\u00f3 linkeket, amelyeket nem a T\u00e1rsas\u00e1g biztos\u00edt vagy tart fenn, illetve amelyek semmilyen m\u00f3don nem \u00e1llnak kapcsolatban a T\u00e1rsas\u00e1ggal.<\/p>\n<p class=\"font-claude-response-body break-words whitespace-normal leading-[1.7]\">Felh\u00edvjuk figyelm\u00e9t, hogy a T\u00e1rsas\u00e1g nem garant\u00e1lja a k\u00fcls\u0151 honlapokon tal\u00e1lhat\u00f3 inform\u00e1ci\u00f3k pontoss\u00e1g\u00e1t, relevanci\u00e1j\u00e1t, id\u0151szer\u0171s\u00e9g\u00e9t vagy teljess\u00e9g\u00e9t.<\/p>\n<h2 class=\"text-text-100 mt-3 -mb-1 text-[1.125rem] font-bold\">Figyelmeztet\u00e9s a hib\u00e1kra \u00e9s mulaszt\u00e1sokra<\/h2>\n<p class=\"font-claude-response-body break-words whitespace-normal leading-[1.7]\">A Szolg\u00e1ltat\u00e1s \u00e1ltal ny\u00fajtott inform\u00e1ci\u00f3k kiz\u00e1r\u00f3lag \u00e1ltal\u00e1nos \u00fatmutat\u00f3k\u00e9nt szolg\u00e1lnak az \u00e9rdekl\u0151d\u00e9sre sz\u00e1mot tart\u00f3 t\u00e9m\u00e1khoz. B\u00e1r a T\u00e1rsas\u00e1g minden \u00f3vint\u00e9zked\u00e9st megtesz annak \u00e9rdek\u00e9ben, hogy a Szolg\u00e1ltat\u00e1s tartalma aktu\u00e1lis \u00e9s pontos legyen, hib\u00e1k el\u0151fordulhatnak. Ezen t\u00falmen\u0151en a t\u00f6rv\u00e9nyek, szab\u00e1lyok \u00e9s el\u0151\u00edr\u00e1sok v\u00e1ltoz\u00f3 jellege miatt el\u0151fordulhatnak k\u00e9s\u00e9sek, hi\u00e1nyoss\u00e1gok vagy pontatlans\u00e1gok a Szolg\u00e1ltat\u00e1sban szerepl\u0151 inform\u00e1ci\u00f3kban.<\/p>\n<p class=\"font-claude-response-body break-words whitespace-normal leading-[1.7]\">A T\u00e1rsas\u00e1g nem v\u00e1llal felel\u0151ss\u00e9get semmilyen hib\u00e1\u00e9rt vagy hi\u00e1nyoss\u00e1g\u00e9rt, illetve az ezen inform\u00e1ci\u00f3k felhaszn\u00e1l\u00e1s\u00e1b\u00f3l sz\u00e1rmaz\u00f3 eredm\u00e9nyek\u00e9rt.<\/p>\n<h2 class=\"text-text-100 mt-3 -mb-1 text-[1.125rem] font-bold\">Tisztess\u00e9ges felhaszn\u00e1l\u00e1si nyilatkozat<\/h2>\n<p class=\"font-claude-response-body break-words whitespace-normal leading-[1.7]\">A T\u00e1rsas\u00e1g felhaszn\u00e1lhat olyan szerz\u0151i jogv\u00e9delem alatt \u00e1ll\u00f3 anyagokat, amelyeket a szerz\u0151i jog jogosultja nem minden esetben enged\u00e9lyezett k\u00fcl\u00f6n. A T\u00e1rsas\u00e1g ezt az anyagot kritika, komment\u00e1r, tud\u00f3s\u00edt\u00e1s, tan\u00edt\u00e1s, tudom\u00e1nyoss\u00e1g vagy kutat\u00e1s c\u00e9lj\u00e1b\u00f3l teszi hozz\u00e1f\u00e9rhet\u0151v\u00e9.<\/p>\n<p class=\"font-claude-response-body break-words whitespace-normal leading-[1.7]\">A T\u00e1rsas\u00e1g \u00fagy v\u00e9li, hogy ez a szerz\u0151i joggal v\u00e9dett anyagok \u00abtisztess\u00e9ges felhaszn\u00e1l\u00e1s\u00e1nak\u00bb min\u0151s\u00fcl az Egyes\u00fclt \u00c1llamok szerz\u0151i jogi t\u00f6rv\u00e9ny\u00e9nek 107. szakasza (vagy az alkalmazand\u00f3 jog ezzel egyen\u00e9rt\u00e9k\u0171 rendelkez\u00e9sei) \u00e9rtelm\u00e9ben.<\/p>\n<p class=\"font-claude-response-body break-words whitespace-normal leading-[1.7]\">Ha a Szolg\u00e1ltat\u00e1sban tal\u00e1lhat\u00f3, szerz\u0151i jog \u00e1ltal v\u00e9dett anyagokat a tisztess\u00e9ges felhaszn\u00e1l\u00e1son t\u00falmutat\u00f3 saj\u00e1t c\u00e9ljaira k\u00edv\u00e1nja felhaszn\u00e1lni, akkor a szerz\u0151i jog jogosultj\u00e1t\u00f3l enged\u00e9lyt kell k\u00e9rnie.<\/p>\n<h2 class=\"text-text-100 mt-3 -mb-1 text-[1.125rem] font-bold\">Jogi nyilatkozat a kifejtett v\u00e9lem\u00e9nyekkel kapcsolatban<\/h2>\n<p class=\"font-claude-response-body break-words whitespace-normal leading-[1.7]\">A Szolg\u00e1ltat\u00e1s olyan n\u00e9zeteket \u00e9s v\u00e9lem\u00e9nyeket tartalmazhat, amelyek a szerz\u0151k saj\u00e1tjai, \u00e9s nem felt\u00e9tlen\u00fcl t\u00fckr\u00f6zik b\u00e1rmely m\u00e1s szerz\u0151, \u00fcgyn\u00f6ks\u00e9g, szervezet, munk\u00e1ltat\u00f3 vagy v\u00e1llalat - bele\u00e9rtve a T\u00e1rsas\u00e1got is - hivatalos politik\u00e1j\u00e1t vagy \u00e1ll\u00e1spontj\u00e1t.<\/p>\n<p class=\"font-claude-response-body break-words whitespace-normal leading-[1.7]\">Amennyiben a Szolg\u00e1ltat\u00e1s lehet\u0151v\u00e9 teszi a felhaszn\u00e1l\u00f3k sz\u00e1m\u00e1ra, hogy tartalmat (bele\u00e9rtve a megjegyz\u00e9seket is) tegyenek k\u00f6zz\u00e9, az ilyen tartalom\u00e9rt kiz\u00e1r\u00f3lag az azt k\u00f6zz\u00e9tev\u0151 felhaszn\u00e1l\u00f3 felel. A T\u00e1rsas\u00e1g nem felel\u0151s a felhaszn\u00e1l\u00f3k \u00e1ltal gener\u00e1lt tartalmak\u00e9rt, \u00e9s fenntartja a jogot, hogy azokat b\u00e1rmilyen okb\u00f3l elt\u00e1vol\u00edtsa.<\/p>\n<h2 class=\"text-text-100 mt-3 -mb-1 text-[1.125rem] font-bold\">Felel\u0151ss\u00e9gi nyilatkozat<\/h2>\n<p class=\"font-claude-response-body break-words whitespace-normal leading-[1.7]\">A Szolg\u00e1ltat\u00e1sban tal\u00e1lhat\u00f3 inform\u00e1ci\u00f3k azzal a felt\u00e9tellel \u00e1llnak rendelkez\u00e9sre, hogy a T\u00e1rsas\u00e1g nem ny\u00fajt jogi, sz\u00e1mviteli, ad\u00f3z\u00e1si vagy egy\u00e9b szakmai tan\u00e1csad\u00e1st vagy szolg\u00e1ltat\u00e1st. Mint ilyen, nem helyettes\u00edtheti a professzion\u00e1lis sz\u00e1mviteli, ad\u00f3\u00fcgyi, jogi vagy m\u00e1s illet\u00e9kes tan\u00e1csad\u00f3kkal val\u00f3 konzult\u00e1ci\u00f3t.<\/p>\n<p class=\"font-claude-response-body break-words whitespace-normal leading-[1.7]\">A T\u00e1rsas\u00e1g vagy annak besz\u00e1ll\u00edt\u00f3i semmilyen esetben sem v\u00e1llalnak felel\u0151ss\u00e9get semmilyen k\u00fcl\u00f6nleges, v\u00e9letlen, k\u00f6zvetett vagy k\u00f6vetkezm\u00e9nyes k\u00e1r\u00e9rt, amely a Szolg\u00e1ltat\u00e1shoz val\u00f3 hozz\u00e1f\u00e9r\u00e9sb\u0151l, annak haszn\u00e1lat\u00e1b\u00f3l, illetve a hozz\u00e1f\u00e9r\u00e9s vagy haszn\u00e1lat lehetetlens\u00e9g\u00e9b\u0151l ered, vagy azzal \u00f6sszef\u00fcgg\u00e9sben keletkezik.<\/p>\n<h2 class=\"text-text-100 mt-3 -mb-1 text-[1.125rem] font-bold\">Haszn\u00e1lat saj\u00e1t felel\u0151ss\u00e9gre\u00ab figyelmeztet\u00e9s\u00bb<\/h2>\n<p class=\"font-claude-response-body break-words whitespace-normal leading-[1.7]\">A Szolg\u00e1ltat\u00e1sban tal\u00e1lhat\u00f3 minden inform\u00e1ci\u00f3 \u00abahogy van\u00bb, a teljess\u00e9gre, pontoss\u00e1gra, id\u0151szer\u0171s\u00e9gre vagy az ilyen inform\u00e1ci\u00f3k haszn\u00e1lat\u00e1b\u00f3l sz\u00e1rmaz\u00f3 eredm\u00e9nyekre vonatkoz\u00f3 garancia n\u00e9lk\u00fcl, \u00e9s mindenf\u00e9le kifejezett vagy hallgat\u00f3lagos garancia n\u00e9lk\u00fcl, bele\u00e9rtve, de nem kiz\u00e1r\u00f3lagosan, a teljes\u00edtm\u00e9nyre, a forgalomk\u00e9pess\u00e9gre \u00e9s a meghat\u00e1rozott c\u00e9lra val\u00f3 alkalmass\u00e1gra vonatkoz\u00f3 garanci\u00e1kat.<\/p>\n<p class=\"font-claude-response-body break-words whitespace-normal leading-[1.7]\">A T\u00e1rsas\u00e1g nem v\u00e1llal felel\u0151ss\u00e9get \u00d6nnel vagy m\u00e1s szem\u00e9llyel szemben a Szolg\u00e1ltat\u00e1s \u00e1ltal ny\u00fajtott inform\u00e1ci\u00f3kra t\u00e1maszkodva hozott d\u00f6nt\u00e9sek\u00e9rt vagy tettek\u00e9rt, illetve b\u00e1rmilyen k\u00f6vetkezm\u00e9nyes, k\u00fcl\u00f6nleges vagy hasonl\u00f3 k\u00e1r\u00e9rt, m\u00e9g akkor sem, ha tudom\u00e1sukra hozt\u00e1k az ilyen k\u00e1rok lehet\u0151s\u00e9g\u00e9t.<\/p>\n<h2 class=\"text-text-100 mt-3 -mb-1 text-[1.125rem] font-bold\">Alkalmazand\u00f3 jog<\/h2>\n<p class=\"font-claude-response-body break-words whitespace-normal leading-[1.7]\">A jelen jogi nyilatkozatra az angol jog az ir\u00e1nyad\u00f3. A nyilatkozat \u00e9rtelmez\u00e9s\u00e9vel vagy teljes\u00edt\u00e9s\u00e9vel kapcsolatos b\u00e1rmely jogvita az angol b\u00edr\u00f3s\u00e1gok kiz\u00e1r\u00f3lagos joghat\u00f3s\u00e1ga al\u00e1 tartozik.<\/p>\n<h2 class=\"text-text-100 mt-3 -mb-1 text-[1.125rem] font-bold\">Kapcsolatfelv\u00e9tel<\/h2>\n<p class=\"font-claude-response-body break-words whitespace-normal leading-[1.7]\">Ha b\u00e1rmilyen k\u00e9rd\u00e9se van ezzel a figyelmeztet\u00e9ssel kapcsolatban, k\u00e9rj\u00fck, l\u00e9pjen kapcsolatba vel\u00fcnk:<\/p>\n<ul class=\"[li_&amp;]:mb-0 [li_&amp;]:mt-1 [li_&amp;]:gap-1 [&amp;:not(:last-child)_ul]:pb-1 [&amp;:not(:last-child)_ol]:pb-1 list-disc flex flex-col gap-1 pl-8 mb-3\">\n<li class=\"whitespace-normal break-words pl-2\">E-mailben : <a class=\"underline underline underline-offset-2 decoration-1 decoration-current\/40 hover:decoration-current focus:decoration-current\" href=\"mailto:contact@psona.io\">contact@psona.io<\/a><\/li>\n<li class=\"whitespace-normal break-words pl-2\">L\u00e1togasson el erre az oldalra a honlapunkon : <a class=\"underline underline underline-offset-2 decoration-1 decoration-current\/40 hover:decoration-current focus:decoration-current\" href=\"https:\/\/psona.io\/hu\/contact\/\">https:\/\/psona.io\/contact\/<\/a><\/li>\n<\/ul>\n<p>[\/et_pb_text][\/et_pb_column][\/et_pb_row][\/et_pb_section]<\/p>","protected":false},"excerpt":{"rendered":"<p>Avertissement (Disclaimer) Derni\u00e8re mise \u00e0 jour : 22 janvier 2026 Interpr\u00e9tation et d\u00e9finitions Interpr\u00e9tation Les mots dont la lettre initiale est en majuscule ont des significations d\u00e9finies dans les conditions suivantes. Les d\u00e9finitions suivantes ont la m\u00eame signification qu&#8217;ils apparaissent au singulier ou au pluriel. D\u00e9finitions Aux fins du pr\u00e9sent Avertissement : Soci\u00e9t\u00e9 (d\u00e9sign\u00e9e par [&hellip;]<\/p>","protected":false},"author":1,"featured_media":0,"parent":0,"menu_order":0,"comment_status":"closed","ping_status":"closed","template":"","meta":{"_et_pb_use_builder":"on","_et_pb_old_content":"","_et_gb_content_width":"","inline_featured_image":false,"footnotes":""},"class_list":["post-2643","page","type-page","status-publish","hentry"],"_links":{"self":[{"href":"https:\/\/psona.io\/hu\/wp-json\/wp\/v2\/pages\/2643","targetHints":{"allow":["GET"]}}],"collection":[{"href":"https:\/\/psona.io\/hu\/wp-json\/wp\/v2\/pages"}],"about":[{"href":"https:\/\/psona.io\/hu\/wp-json\/wp\/v2\/types\/page"}],"author":[{"embeddable":true,"href":"https:\/\/psona.io\/hu\/wp-json\/wp\/v2\/users\/1"}],"replies":[{"embeddable":true,"href":"https:\/\/psona.io\/hu\/wp-json\/wp\/v2\/comments?post=2643"}],"version-history":[{"count":2,"href":"https:\/\/psona.io\/hu\/wp-json\/wp\/v2\/pages\/2643\/revisions"}],"predecessor-version":[{"id":2645,"href":"https:\/\/psona.io\/hu\/wp-json\/wp\/v2\/pages\/2643\/revisions\/2645"}],"wp:attachment":[{"href":"https:\/\/psona.io\/hu\/wp-json\/wp\/v2\/media?parent=2643"}],"curies":[{"name":"wp","href":"https:\/\/api.w.org\/{rel}","templated":true}]}}